{"id":856,"date":"2015-05-11T19:48:32","date_gmt":"2015-05-11T18:48:32","guid":{"rendered":"http:\/\/www.larima.ca\/test\/ecrinal-anp2-strengthening-lash-gel-9ml-2"},"modified":"2025-12-08T13:38:25","modified_gmt":"2025-12-08T18:38:25","slug":"ecrinal-gel-fortifiant-cils-et-sourcils","status":"publish","type":"page","link":"https:\/\/larima.ca\/fr\/ecrinal-gel-fortifiant-cils-et-sourcils\/","title":{"rendered":"ECRINAL Gel Fortifiant Cils et Sourcils ANP2+"},"content":{"rendered":"<p>[et_pb_section fb_built=\u00a0\u00bb1&Prime; custom_padding_last_edited=\u00a0\u00bbon|desktop\u00a0\u00bb admin_label=\u00a0\u00bbsection\u00a0\u00bb _builder_version=\u00a0\u00bb4.16&Prime; background_color=\u00a0\u00bb#ffffff\u00a0\u00bb custom_padding=\u00a0\u00bb54px|0px|0px|0px\u00a0\u00bb custom_padding_tablet=\u00a0\u00bb50px|0|50px|0&Prime; custom_padding_phone=\u00a0\u00bb\u00a0\u00bb transparent_background=\u00a0\u00bboff\u00a0\u00bb padding_mobile=\u00a0\u00bboff\u00a0\u00bb global_colors_info=\u00a0\u00bb{}\u00a0\u00bb][et_pb_row column_structure=\u00a0\u00bb1_2,1_2&Prime; padding_mobile=\u00a0\u00bboff\u00a0\u00bb column_padding_mobile=\u00a0\u00bbon\u00a0\u00bb admin_label=\u00a0\u00bbrow\u00a0\u00bb _builder_version=\u00a0\u00bb4.16&Prime; background_size=\u00a0\u00bbinitial\u00a0\u00bb background_position=\u00a0\u00bbtop_left\u00a0\u00bb background_repeat=\u00a0\u00bbrepeat\u00a0\u00bb global_colors_info=\u00a0\u00bb{}\u00a0\u00bb][et_pb_column type=\u00a0\u00bb1_2&Prime; _builder_version=\u00a0\u00bb4.16&Prime; custom_padding=\u00a0\u00bb|||\u00a0\u00bb global_colors_info=\u00a0\u00bb{}\u00a0\u00bb custom_padding__hover=\u00a0\u00bb|||\u00a0\u00bb][et_pb_image src=\u00a0\u00bbhttp:\/\/larima.ca\/wp-content\/uploads\/2025\/02\/2112-Ecrinal-Gel-cils-960px.jpg\u00a0\u00bb alt=\u00a0\u00bbECRINAL Gel Fortifiant Cils et Sourcils Avec ANP2+\u00a0\u00bb title_text=\u00a0\u00bb2112&#8211;Ecrinal-Gel-cils-960px\u00a0\u00bb align=\u00a0\u00bbcenter\u00a0\u00bb align_tablet=\u00a0\u00bbcenter\u00a0\u00bb align_phone=\u00a0\u00bb\u00a0\u00bb align_last_edited=\u00a0\u00bbon|desktop\u00a0\u00bb admin_label=\u00a0\u00bbImage ECRINAL Gel Fortifiant Cils et Sourcils Avec ANP2+\u00a0\u00bb _builder_version=\u00a0\u00bb4.21.0&Prime; animation_style=\u00a0\u00bbfade\u00a0\u00bb animation_duration=\u00a0\u00bb500ms\u00a0\u00bb animation=\u00a0\u00bbfade_in\u00a0\u00bb sticky=\u00a0\u00bboff\u00a0\u00bb use_border_color=\u00a0\u00bboff\u00a0\u00bb border_color=\u00a0\u00bb#ffffff\u00a0\u00bb border_style=\u00a0\u00bbsolid\u00a0\u00bb global_colors_info=\u00a0\u00bb{}\u00a0\u00bb]&nbsp;<br \/>\n[\/et_pb_image][et_pb_code _builder_version=\u00a0\u00bb4.16&Prime; global_colors_info=\u00a0\u00bb{}\u00a0\u00bb]<iframe width=\"560\" height=\"315\" src=\"https:\/\/www.youtube.com\/embed\/AadhkfjxewM\" frameborder=\"0\" allow=\"accelerometer; autoplay; encrypted-media; gyroscope; picture-in-picture\" allowfullscreen><\/iframe>[\/et_pb_code][et_pb_button button_url=\u00a0\u00bbhttps:\/\/thebeautyshoppers.com\/products\/ecrinal-gel-fortifiant-cils-et-sourcils-anp2?variant=29671438595&Prime; url_new_window=\u00a0\u00bbon\u00a0\u00bb button_text=\u00a0\u00bbACHETEZ MAINTENANT\u00a0\u00bb button_alignment=\u00a0\u00bbcenter\u00a0\u00bb _builder_version=\u00a0\u00bb4.16&Prime; global_colors_info=\u00a0\u00bb{}\u00a0\u00bb button_text_size__hover_enabled=\u00a0\u00bboff\u00a0\u00bb button_one_text_size__hover_enabled=\u00a0\u00bboff\u00a0\u00bb button_two_text_size__hover_enabled=\u00a0\u00bboff\u00a0\u00bb button_text_color__hover_enabled=\u00a0\u00bboff\u00a0\u00bb button_one_text_color__hover_enabled=\u00a0\u00bboff\u00a0\u00bb button_two_text_color__hover_enabled=\u00a0\u00bboff\u00a0\u00bb button_border_width__hover_enabled=\u00a0\u00bboff\u00a0\u00bb button_one_border_width__hover_enabled=\u00a0\u00bboff\u00a0\u00bb button_two_border_width__hover_enabled=\u00a0\u00bboff\u00a0\u00bb button_border_color__hover_enabled=\u00a0\u00bboff\u00a0\u00bb button_one_border_color__hover_enabled=\u00a0\u00bboff\u00a0\u00bb button_two_border_color__hover_enabled=\u00a0\u00bboff\u00a0\u00bb button_border_radius__hover_enabled=\u00a0\u00bboff\u00a0\u00bb button_one_border_radius__hover_enabled=\u00a0\u00bboff\u00a0\u00bb button_two_border_radius__hover_enabled=\u00a0\u00bboff\u00a0\u00bb button_letter_spacing__hover_enabled=\u00a0\u00bboff\u00a0\u00bb button_one_letter_spacing__hover_enabled=\u00a0\u00bboff\u00a0\u00bb button_two_letter_spacing__hover_enabled=\u00a0\u00bboff\u00a0\u00bb button_bg_color__hover_enabled=\u00a0\u00bboff\u00a0\u00bb button_one_bg_color__hover_enabled=\u00a0\u00bboff\u00a0\u00bb button_two_bg_color__hover_enabled=\u00a0\u00bboff\u00a0\u00bb]&nbsp;<br \/>\n[\/et_pb_button][et_pb_image src=\u00a0\u00bbhttps:\/\/larima.ca\/wp-content\/uploads\/2018\/12\/Sans-Cruaut\u00e9-Animale-Logo.jpg\u00a0\u00bb align=\u00a0\u00bbcenter\u00a0\u00bb align_tablet=\u00a0\u00bbcenter\u00a0\u00bb align_phone=\u00a0\u00bb\u00a0\u00bb align_last_edited=\u00a0\u00bbon|desktop\u00a0\u00bb _builder_version=\u00a0\u00bb4.16&Prime; global_colors_info=\u00a0\u00bb{}\u00a0\u00bb][\/et_pb_image][\/et_pb_column][et_pb_column type=\u00a0\u00bb1_2&Prime; _builder_version=\u00a0\u00bb4.16&Prime; custom_padding=\u00a0\u00bb|||\u00a0\u00bb global_colors_info=\u00a0\u00bb{}\u00a0\u00bb custom_padding__hover=\u00a0\u00bb|||\u00a0\u00bb][et_pb_text _builder_version=\u00a0\u00bb4.16&Prime; background_size=\u00a0\u00bbinitial\u00a0\u00bb background_position=\u00a0\u00bbtop_left\u00a0\u00bb background_repeat=\u00a0\u00bbrepeat\u00a0\u00bb use_border_color=\u00a0\u00bboff\u00a0\u00bb border_style=\u00a0\u00bbsolid\u00a0\u00bb global_colors_info=\u00a0\u00bb{}\u00a0\u00bb]<\/p>\n<h2>ECRINAL Gel Fortifiant Cils et Sourcils ANP2+<\/h2>\n<p>[\/et_pb_text][et_pb_blurb title=\u00a0\u00bbDescription\u00a0\u00bb use_icon=\u00a0\u00bbon\u00a0\u00bb font_icon=\u00a0\u00bb&#xe60f;||divi||400&Prime; icon_color=\u00a0\u00bb#05b0bc\u00a0\u00bb icon_placement=\u00a0\u00bbleft\u00a0\u00bb admin_label=\u00a0\u00bbDescription\u00a0\u00bb _builder_version=\u00a0\u00bb4.16&Prime; background_size=\u00a0\u00bbinitial\u00a0\u00bb background_position=\u00a0\u00bbtop_left\u00a0\u00bb background_repeat=\u00a0\u00bbrepeat\u00a0\u00bb max_width_tablet=\u00a0\u00bb50px\u00a0\u00bb use_border_color=\u00a0\u00bboff\u00a0\u00bb global_colors_info=\u00a0\u00bb{}\u00a0\u00bb]ECRINAL Gel Fortifiant Cils et Sourcils ANP2+:<br \/>\n<strong>3 en 1 CILS &#8211; SOURCILS ET BASE DE MASCARA<\/strong>. Renforce, revitalise et rehausse rapidement l&rsquo;apparence des cils et des sourcils et cr\u00e9e une impression de cils plus forts, plus volumineux, plus fournis et plus soyeux. Produit incolore et non gras pouvant s&rsquo;appliquer\u00a0sous le mascara dont il am\u00e9liore la tenue.\u00a0Application facile gr\u00e2ce \u00e0 la brosse ergonomique.\u00a0Peut s&rsquo;utiliser le jour et\/ou la nuit. Ne contient pas de propyl\u00e8ne glycol, ingr\u00e9dient potentiellement irritant pour les yeux. Convient aux yeux sensibles et aux porteurs de lentilles. Test\u00e9 sous contr\u00f4le ophtalmologique.\u00a0\u00a0<strong>Meilleur rapport qualit\u00e9\/prix du march\u00e9!<\/strong><\/p>\n<p>* % d&rsquo;auto\u00e9valuation r\u00e9alis\u00e9 sur 22 femmes pendant 21 jours.<br \/>\n[\/et_pb_blurb][et_pb_blurb title=\u00a0\u00bbIndications\u00a0\u00bb use_icon=\u00a0\u00bbon\u00a0\u00bb font_icon=\u00a0\u00bb&#x52;||divi||400&Prime; icon_color=\u00a0\u00bb#05b0bc\u00a0\u00bb icon_placement=\u00a0\u00bbleft\u00a0\u00bb admin_label=\u00a0\u00bbIndications\u00a0\u00bb _builder_version=\u00a0\u00bb4.16&Prime; background_size=\u00a0\u00bbinitial\u00a0\u00bb background_position=\u00a0\u00bbtop_left\u00a0\u00bb background_repeat=\u00a0\u00bbrepeat\u00a0\u00bb max_width_tablet=\u00a0\u00bb50px\u00a0\u00bb use_border_color=\u00a0\u00bboff\u00a0\u00bb global_colors_info=\u00a0\u00bb{}\u00a0\u00bb]Cils et sourcils fragilis\u00e9s, trop courts, trop fins et\/ou clairsem\u00e9s. Maximiser les r\u00e9sultats en utilisant le Mascara Noir Fortifiant Ecrinal.<br \/>\n[\/et_pb_blurb][et_pb_blurb title=\u00a0\u00bbConseils d&rsquo;utilisation\u00a0\u00bb use_icon=\u00a0\u00bbon\u00a0\u00bb font_icon=\u00a0\u00bb&#x6b;||divi||400&Prime; icon_color=\u00a0\u00bb#05b0bc\u00a0\u00bb icon_placement=\u00a0\u00bbleft\u00a0\u00bb admin_label=\u00a0\u00bbConseils d&rsquo;utilisation\u00a0\u00bb _builder_version=\u00a0\u00bb4.16&Prime; background_size=\u00a0\u00bbinitial\u00a0\u00bb background_position=\u00a0\u00bbtop_left\u00a0\u00bb background_repeat=\u00a0\u00bbrepeat\u00a0\u00bb max_width_tablet=\u00a0\u00bb50px\u00a0\u00bb use_border_color=\u00a0\u00bboff\u00a0\u00bb global_colors_info=\u00a0\u00bb{}\u00a0\u00bb]Utilisez matin et\/ou soir sur des cils et des sourcils bien nettoy\u00e9s. Appliquez une couche sous le mascara pour en am\u00e9liorer sa tenue.<br \/>\n[\/et_pb_blurb][et_pb_blurb title=\u00a0\u00bbPrincipaux ingr\u00e9dients\u00a0\u00bb use_icon=\u00a0\u00bbon\u00a0\u00bb font_icon=\u00a0\u00bb&#xe00a;||divi||400&Prime; icon_color=\u00a0\u00bb#05b0bc\u00a0\u00bb icon_placement=\u00a0\u00bbleft\u00a0\u00bb admin_label=\u00a0\u00bbIngredients actifs\u00a0\u00bb _builder_version=\u00a0\u00bb4.16&Prime; background_size=\u00a0\u00bbinitial\u00a0\u00bb background_position=\u00a0\u00bbtop_left\u00a0\u00bb background_repeat=\u00a0\u00bbrepeat\u00a0\u00bb max_width_tablet=\u00a0\u00bb50px\u00a0\u00bb use_border_color=\u00a0\u00bboff\u00a0\u00bb global_colors_info=\u00a0\u00bb{}\u00a0\u00bb]ANP2+ \u00ae (brevet Asepta);<br \/>\nRiche en Om\u00e9ga 3<br \/>\nTripeptide<br \/>\nProvitamine B5<br \/>\nSans paraben<br \/>\n[\/et_pb_blurb][et_pb_blurb title=\u00a0\u00bbFormat\u00a0\u00bb use_icon=\u00a0\u00bbon\u00a0\u00bb font_icon=\u00a0\u00bb&#xe02d;||divi||400&Prime; icon_color=\u00a0\u00bb#05b0bc\u00a0\u00bb icon_placement=\u00a0\u00bbleft\u00a0\u00bb admin_label=\u00a0\u00bbFormat\u00a0\u00bb _builder_version=\u00a0\u00bb4.16&Prime; background_size=\u00a0\u00bbinitial\u00a0\u00bb background_position=\u00a0\u00bbtop_left\u00a0\u00bb background_repeat=\u00a0\u00bbrepeat\u00a0\u00bb use_border_color=\u00a0\u00bboff\u00a0\u00bb border_color=\u00a0\u00bb#ffffff\u00a0\u00bb border_width=\u00a0\u00bb1px\u00a0\u00bb border_style=\u00a0\u00bbsolid\u00a0\u00bb global_colors_info=\u00a0\u00bb{}\u00a0\u00bb]9 ml<br \/>\n[\/et_pb_blurb][\/et_pb_column][\/et_pb_row][\/et_pb_section][et_pb_section fb_built=\u00a0\u00bb1&Prime; _builder_version=\u00a0\u00bb4.16&Prime; background_color=\u00a0\u00bb#f9f9f9&Prime; min_height=\u00a0\u00bb227.8px\u00a0\u00bb custom_margin=\u00a0\u00bb||3px|||\u00a0\u00bb custom_padding=\u00a0\u00bb43px|0px|49px|0px||\u00a0\u00bb locked=\u00a0\u00bboff\u00a0\u00bb global_colors_info=\u00a0\u00bb{}\u00a0\u00bb][et_pb_row column_padding_mobile=\u00a0\u00bbon\u00a0\u00bb _builder_version=\u00a0\u00bb4.16&Prime; background_color=\u00a0\u00bb#FFFFFF\u00a0\u00bb background_size=\u00a0\u00bbinitial\u00a0\u00bb background_position=\u00a0\u00bbtop_left\u00a0\u00bb background_repeat=\u00a0\u00bbrepeat\u00a0\u00bb custom_padding=\u00a0\u00bb0px|0px|13px|0px\u00a0\u00bb global_colors_info=\u00a0\u00bb{}\u00a0\u00bb][et_pb_column type=\u00a0\u00bb4_4&Prime; _builder_version=\u00a0\u00bb4.16&Prime; custom_padding=\u00a0\u00bb|||\u00a0\u00bb global_colors_info=\u00a0\u00bb{}\u00a0\u00bb custom_padding__hover=\u00a0\u00bb|||\u00a0\u00bb][et_pb_text admin_label=\u00a0\u00bbDisponible chez les d\u00e9taillants participants suivants :\u00a0\u00bb _builder_version=\u00a0\u00bb4.16&Prime; background_color=\u00a0\u00bb#FFFFFF\u00a0\u00bb background_size=\u00a0\u00bbinitial\u00a0\u00bb background_position=\u00a0\u00bbtop_left\u00a0\u00bb background_repeat=\u00a0\u00bbrepeat\u00a0\u00bb text_orientation=\u00a0\u00bbcenter\u00a0\u00bb module_alignment=\u00a0\u00bbcenter\u00a0\u00bb custom_padding=\u00a0\u00bb17px|17px|17px|17px|false|false\u00a0\u00bb inline_fonts=\u00a0\u00bbArimo\u00a0\u00bb global_colors_info=\u00a0\u00bb{}\u00a0\u00bb]<\/p>\n<h1 style=\"text-align: center;\"><span style=\"font-family: Arimo;\">Disponible chez les d\u00e9taillants participants suivants :<\/span><\/h1>\n<p>[\/et_pb_text][\/et_pb_column][\/et_pb_row][et_pb_row column_structure=\u00a0\u00bb1_3,1_3,1_3&Prime; column_padding_mobile=\u00a0\u00bbon\u00a0\u00bb _builder_version=\u00a0\u00bb4.16&Prime; background_color=\u00a0\u00bb#FFFFFF\u00a0\u00bb background_size=\u00a0\u00bbinitial\u00a0\u00bb background_position=\u00a0\u00bbtop_left\u00a0\u00bb background_repeat=\u00a0\u00bbrepeat\u00a0\u00bb custom_padding=\u00a0\u00bb0px|0px|17px|0px||\u00a0\u00bb global_colors_info=\u00a0\u00bb{}\u00a0\u00bb][et_pb_column type=\u00a0\u00bb1_3&Prime; _builder_version=\u00a0\u00bb4.16&Prime; custom_padding=\u00a0\u00bb|||\u00a0\u00bb global_colors_info=\u00a0\u00bb{}\u00a0\u00bb custom_padding__hover=\u00a0\u00bb|||\u00a0\u00bb][et_pb_image src=\u00a0\u00bbhttps:\/\/larima.ca\/wp-content\/uploads\/2015\/04\/JeanCoutu_Logo-1.jpg\u00a0\u00bb align=\u00a0\u00bbcenter\u00a0\u00bb align_tablet=\u00a0\u00bbcenter\u00a0\u00bb align_phone=\u00a0\u00bb\u00a0\u00bb align_last_edited=\u00a0\u00bbon|desktop\u00a0\u00bb _builder_version=\u00a0\u00bb4.21.0&Prime; animation_style=\u00a0\u00bbslide\u00a0\u00bb animation_direction=\u00a0\u00bbleft\u00a0\u00bb animation_duration=\u00a0\u00bb500ms\u00a0\u00bb animation_intensity_slide=\u00a0\u00bb10%\u00a0\u00bb hover_enabled=\u00a0\u00bb0&Prime; global_colors_info=\u00a0\u00bb{}\u00a0\u00bb sticky_enabled=\u00a0\u00bb0&Prime; url=\u00a0\u00bbhttps:\/\/www.jeancoutu.com\/les-marques\/ecrinal\/\u00a0\u00bb][\/et_pb_image][\/et_pb_column][et_pb_column type=\u00a0\u00bb1_3&Prime; _builder_version=\u00a0\u00bb4.16&Prime; custom_padding=\u00a0\u00bb|||\u00a0\u00bb global_colors_info=\u00a0\u00bb{}\u00a0\u00bb custom_padding__hover=\u00a0\u00bb|||\u00a0\u00bb][et_pb_image src=\u00a0\u00bbhttps:\/\/larima.ca\/wp-content\/uploads\/2015\/04\/Brunet_Logo-1.jpg\u00a0\u00bb align=\u00a0\u00bbcenter\u00a0\u00bb align_tablet=\u00a0\u00bbcenter\u00a0\u00bb align_phone=\u00a0\u00bb\u00a0\u00bb align_last_edited=\u00a0\u00bbon|desktop\u00a0\u00bb _builder_version=\u00a0\u00bb4.16&Prime; animation_style=\u00a0\u00bbslide\u00a0\u00bb animation_direction=\u00a0\u00bbleft\u00a0\u00bb animation_duration=\u00a0\u00bb500ms\u00a0\u00bb animation_intensity_slide=\u00a0\u00bb10%\u00a0\u00bb global_colors_info=\u00a0\u00bb{}\u00a0\u00bb][\/et_pb_image][\/et_pb_column][et_pb_column type=\u00a0\u00bb1_3&Prime; _builder_version=\u00a0\u00bb4.16&Prime; custom_padding=\u00a0\u00bb|||\u00a0\u00bb global_colors_info=\u00a0\u00bb{}\u00a0\u00bb custom_padding__hover=\u00a0\u00bb|||\u00a0\u00bb][et_pb_image src=\u00a0\u00bbhttps:\/\/larima.ca\/wp-content\/uploads\/2015\/04\/Uniprix_Logo-1.jpg\u00a0\u00bb align=\u00a0\u00bbcenter\u00a0\u00bb align_tablet=\u00a0\u00bbcenter\u00a0\u00bb align_phone=\u00a0\u00bb\u00a0\u00bb align_last_edited=\u00a0\u00bbon|desktop\u00a0\u00bb _builder_version=\u00a0\u00bb4.16&Prime; animation_style=\u00a0\u00bbslide\u00a0\u00bb animation_direction=\u00a0\u00bbleft\u00a0\u00bb animation_duration=\u00a0\u00bb500ms\u00a0\u00bb animation_intensity_slide=\u00a0\u00bb10%\u00a0\u00bb global_colors_info=\u00a0\u00bb{}\u00a0\u00bb][\/et_pb_image][\/et_pb_column][\/et_pb_row][et_pb_row column_structure=\u00a0\u00bb1_3,1_3,1_3&Prime; _builder_version=\u00a0\u00bb4.16&Prime; background_color=\u00a0\u00bb#FFFFFF\u00a0\u00bb background_size=\u00a0\u00bbinitial\u00a0\u00bb background_position=\u00a0\u00bbtop_left\u00a0\u00bb background_repeat=\u00a0\u00bbrepeat\u00a0\u00bb custom_padding=\u00a0\u00bb3px|0px|0px|0px||\u00a0\u00bb global_colors_info=\u00a0\u00bb{}\u00a0\u00bb][et_pb_column type=\u00a0\u00bb1_3&Prime; _builder_version=\u00a0\u00bb4.16&Prime; custom_padding=\u00a0\u00bb|||\u00a0\u00bb global_colors_info=\u00a0\u00bb{}\u00a0\u00bb custom_padding__hover=\u00a0\u00bb|||\u00a0\u00bb][et_pb_image src=\u00a0\u00bbhttps:\/\/larima.ca\/wp-content\/uploads\/2015\/04\/Walmart_Logo-1.jpg\u00a0\u00bb url=\u00a0\u00bbhttps:\/\/www.walmart.ca\/fr\/c\/brand\/ecrinal\u00a0\u00bb align=\u00a0\u00bbcenter\u00a0\u00bb align_tablet=\u00a0\u00bbcenter\u00a0\u00bb align_phone=\u00a0\u00bb\u00a0\u00bb align_last_edited=\u00a0\u00bbon|desktop\u00a0\u00bb _builder_version=\u00a0\u00bb4.21.0&Prime; animation_style=\u00a0\u00bbslide\u00a0\u00bb animation_direction=\u00a0\u00bbleft\u00a0\u00bb animation_duration=\u00a0\u00bb500ms\u00a0\u00bb animation_intensity_slide=\u00a0\u00bb10%\u00a0\u00bb global_colors_info=\u00a0\u00bb{}\u00a0\u00bb][\/et_pb_image][\/et_pb_column][et_pb_column type=\u00a0\u00bb1_3&Prime; _builder_version=\u00a0\u00bb4.16&Prime; custom_padding=\u00a0\u00bb|||\u00a0\u00bb global_colors_info=\u00a0\u00bb{}\u00a0\u00bb custom_padding__hover=\u00a0\u00bb|||\u00a0\u00bb][et_pb_image src=\u00a0\u00bbhttps:\/\/larima.ca\/wp-content\/uploads\/2015\/04\/Proxim_Logo-1.jpg\u00a0\u00bb align=\u00a0\u00bbcenter\u00a0\u00bb align_tablet=\u00a0\u00bbcenter\u00a0\u00bb align_phone=\u00a0\u00bb\u00a0\u00bb align_last_edited=\u00a0\u00bbon|desktop\u00a0\u00bb _builder_version=\u00a0\u00bb4.16&Prime; animation_style=\u00a0\u00bbslide\u00a0\u00bb animation_direction=\u00a0\u00bbleft\u00a0\u00bb animation_duration=\u00a0\u00bb500ms\u00a0\u00bb animation_intensity_slide=\u00a0\u00bb10%\u00a0\u00bb global_colors_info=\u00a0\u00bb{}\u00a0\u00bb][\/et_pb_image][\/et_pb_column][et_pb_column type=\u00a0\u00bb1_3&Prime; _builder_version=\u00a0\u00bb4.16&Prime; custom_padding=\u00a0\u00bb|||\u00a0\u00bb global_colors_info=\u00a0\u00bb{}\u00a0\u00bb custom_padding__hover=\u00a0\u00bb|||\u00a0\u00bb][et_pb_image src=\u00a0\u00bbhttps:\/\/larima.ca\/wp-content\/uploads\/2015\/04\/Familiprix_Logo-1.jpg\u00a0\u00bb align=\u00a0\u00bbcenter\u00a0\u00bb align_tablet=\u00a0\u00bbcenter\u00a0\u00bb align_phone=\u00a0\u00bb\u00a0\u00bb align_last_edited=\u00a0\u00bbon|desktop\u00a0\u00bb _builder_version=\u00a0\u00bb4.16&Prime; animation_style=\u00a0\u00bbslide\u00a0\u00bb animation_direction=\u00a0\u00bbleft\u00a0\u00bb animation_duration=\u00a0\u00bb500ms\u00a0\u00bb animation_intensity_slide=\u00a0\u00bb10%\u00a0\u00bb global_colors_info=\u00a0\u00bb{}\u00a0\u00bb][\/et_pb_image][\/et_pb_column][\/et_pb_row][\/et_pb_section]<\/p>\n<span class=\"et_bloom_bottom_trigger\"><\/span>","protected":false},"excerpt":{"rendered":"<p>&nbsp; &nbsp; ECRINAL Gel Fortifiant Cils et Sourcils ANP2+ ECRINAL Gel Fortifiant Cils et Sourcils ANP2+: 3 en 1 CILS &#8211; SOURCILS ET BASE DE MASCARA. Renforce, revitalise et rehausse rapidement l&rsquo;apparence des cils et des sourcils et cr\u00e9e une impression de cils plus forts, plus volumineux, plus fournis et plus soyeux. Produit incolore et [&hellip;]<\/p>\n","protected":false},"author":1,"featured_media":0,"parent":0,"menu_order":0,"comment_status":"open","ping_status":"closed","template":"","meta":{"_et_pb_use_builder":"on","_et_pb_old_content":"","_et_gb_content_width":"","footnotes":""},"class_list":["post-856","page","type-page","status-publish","hentry"],"yoast_head":"<!-- This site is optimized with the Yoast SEO plugin v28.3 - https:\/\/yoast.com\/product\/yoast-seo-wordpress\/ -->\n<title>ECRINAL Gel Fortifiant Cils et Sourcils ANP2+ - Laboratoire Larima<\/title>\n<meta name=\"description\" content=\"ECRINAL Gel Fortifiant Cils et Sourcils ANP2+: Renforce, embellit et donne du volume aux cils et aux sourcils Produit incolore et non gras pouvant s&#039;appliquer sous le mascara dont il am\u00e9liore la tenue. Application facile gr\u00e2ce \u00e0 la brosse ergonomique. Peut s&#039;utiliser le jour et\/ou la nuit. Convient aux yeux sensibles et aux porteurs de lentilles. TEST\u00c9 SOUS CONTR\u00d4LE OPHTALMOLOGIQUE. R\u00e9sultats visibles d\u00e8s 15 jours!\" \/>\n<meta name=\"robots\" content=\"index, follow, max-snippet:-1, max-image-preview:large, max-video-preview:-1\" \/>\n<link rel=\"canonical\" href=\"https:\/\/larima.ca\/fr\/ecrinal-gel-fortifiant-cils-et-sourcils\/\" \/>\n<meta property=\"og:locale\" content=\"fr_FR\" \/>\n<meta property=\"og:type\" content=\"article\" \/>\n<meta property=\"og:title\" content=\"ECRINAL Gel Fortifiant Cils et Sourcils ANP2+ - Laboratoire Larima\" \/>\n<meta property=\"og:description\" content=\"ECRINAL Gel Fortifiant Cils et Sourcils ANP2+: Renforce, embellit et donne du volume aux cils et aux sourcils Produit incolore et non gras pouvant s&#039;appliquer sous le mascara dont il am\u00e9liore la tenue. Application facile gr\u00e2ce \u00e0 la brosse ergonomique. Peut s&#039;utiliser le jour et\/ou la nuit. Convient aux yeux sensibles et aux porteurs de lentilles. TEST\u00c9 SOUS CONTR\u00d4LE OPHTALMOLOGIQUE. R\u00e9sultats visibles d\u00e8s 15 jours!\" \/>\n<meta property=\"og:url\" content=\"https:\/\/larima.ca\/fr\/ecrinal-gel-fortifiant-cils-et-sourcils\/\" \/>\n<meta property=\"og:site_name\" content=\"Laboratoire Larima\" \/>\n<meta property=\"article:modified_time\" content=\"2025-12-08T18:38:25+00:00\" \/>\n<meta name=\"twitter:card\" content=\"summary_large_image\" \/>\n<meta name=\"twitter:label1\" content=\"Dur\u00e9e de lecture estim\u00e9e\" \/>\n\t<meta name=\"twitter:data1\" content=\"7 minutes\" \/>\n<script type=\"application\/ld+json\" class=\"yoast-schema-graph\">{\"@context\":\"https:\\\/\\\/schema.org\",\"@graph\":[{\"@type\":\"WebPage\",\"@id\":\"https:\\\/\\\/larima.ca\\\/fr\\\/ecrinal-gel-fortifiant-cils-et-sourcils\\\/\",\"url\":\"https:\\\/\\\/larima.ca\\\/fr\\\/ecrinal-gel-fortifiant-cils-et-sourcils\\\/\",\"name\":\"ECRINAL Gel Fortifiant Cils et Sourcils ANP2+ - Laboratoire Larima\",\"isPartOf\":{\"@id\":\"https:\\\/\\\/larima.ca\\\/fr\\\/#website\"},\"datePublished\":\"2015-05-11T18:48:32+00:00\",\"dateModified\":\"2025-12-08T18:38:25+00:00\",\"description\":\"ECRINAL Gel Fortifiant Cils et Sourcils ANP2+: Renforce, embellit et donne du volume aux cils et aux sourcils Produit incolore et non gras pouvant s'appliquer sous le mascara dont il am\u00e9liore la tenue. Application facile gr\u00e2ce \u00e0 la brosse ergonomique. Peut s'utiliser le jour et\\\/ou la nuit. Convient aux yeux sensibles et aux porteurs de lentilles. TEST\u00c9 SOUS CONTR\u00d4LE OPHTALMOLOGIQUE. R\u00e9sultats visibles d\u00e8s 15 jours!\",\"breadcrumb\":{\"@id\":\"https:\\\/\\\/larima.ca\\\/fr\\\/ecrinal-gel-fortifiant-cils-et-sourcils\\\/#breadcrumb\"},\"inLanguage\":\"fr-FR\",\"potentialAction\":[{\"@type\":\"ReadAction\",\"target\":[\"https:\\\/\\\/larima.ca\\\/fr\\\/ecrinal-gel-fortifiant-cils-et-sourcils\\\/\"]}]},{\"@type\":\"BreadcrumbList\",\"@id\":\"https:\\\/\\\/larima.ca\\\/fr\\\/ecrinal-gel-fortifiant-cils-et-sourcils\\\/#breadcrumb\",\"itemListElement\":[{\"@type\":\"ListItem\",\"position\":1,\"name\":\"Accueil\",\"item\":\"https:\\\/\\\/larima.ca\\\/fr\\\/\"},{\"@type\":\"ListItem\",\"position\":2,\"name\":\"ECRINAL Gel Fortifiant Cils et Sourcils ANP2+\"}]},{\"@type\":\"WebSite\",\"@id\":\"https:\\\/\\\/larima.ca\\\/fr\\\/#website\",\"url\":\"https:\\\/\\\/larima.ca\\\/fr\\\/\",\"name\":\"Laboratoire Larima\",\"description\":\"Au service de votre bien-\u00eatre depuis 1979\",\"publisher\":{\"@id\":\"https:\\\/\\\/larima.ca\\\/fr\\\/#organization\"},\"potentialAction\":[{\"@type\":\"SearchAction\",\"target\":{\"@type\":\"EntryPoint\",\"urlTemplate\":\"https:\\\/\\\/larima.ca\\\/fr\\\/?s={search_term_string}\"},\"query-input\":{\"@type\":\"PropertyValueSpecification\",\"valueRequired\":true,\"valueName\":\"search_term_string\"}}],\"inLanguage\":\"fr-FR\"},{\"@type\":\"Organization\",\"@id\":\"https:\\\/\\\/larima.ca\\\/fr\\\/#organization\",\"name\":\"Laboratoire Larima\",\"url\":\"https:\\\/\\\/larima.ca\\\/fr\\\/\",\"logo\":{\"@type\":\"ImageObject\",\"inLanguage\":\"fr-FR\",\"@id\":\"https:\\\/\\\/larima.ca\\\/fr\\\/#\\\/schema\\\/logo\\\/image\\\/\",\"url\":\"http:\\\/\\\/larima.ca\\\/wp-content\\\/uploads\\\/2023\\\/01\\\/larimalogo.jpg\",\"contentUrl\":\"http:\\\/\\\/larima.ca\\\/wp-content\\\/uploads\\\/2023\\\/01\\\/larimalogo.jpg\",\"width\":512,\"height\":512,\"caption\":\"Laboratoire Larima\"},\"image\":{\"@id\":\"https:\\\/\\\/larima.ca\\\/fr\\\/#\\\/schema\\\/logo\\\/image\\\/\"}}]}<\/script>\n<!-- \/ Yoast SEO plugin. -->","yoast_head_json":{"title":"ECRINAL Gel Fortifiant Cils et Sourcils ANP2+ - Laboratoire Larima","description":"ECRINAL Gel Fortifiant Cils et Sourcils ANP2+: Renforce, embellit et donne du volume aux cils et aux sourcils Produit incolore et non gras pouvant s'appliquer sous le mascara dont il am\u00e9liore la tenue. Application facile gr\u00e2ce \u00e0 la brosse ergonomique. Peut s'utiliser le jour et\/ou la nuit. Convient aux yeux sensibles et aux porteurs de lentilles. TEST\u00c9 SOUS CONTR\u00d4LE OPHTALMOLOGIQUE. R\u00e9sultats visibles d\u00e8s 15 jours!","robots":{"index":"index","follow":"follow","max-snippet":"max-snippet:-1","max-image-preview":"max-image-preview:large","max-video-preview":"max-video-preview:-1"},"canonical":"https:\/\/larima.ca\/fr\/ecrinal-gel-fortifiant-cils-et-sourcils\/","og_locale":"fr_FR","og_type":"article","og_title":"ECRINAL Gel Fortifiant Cils et Sourcils ANP2+ - Laboratoire Larima","og_description":"ECRINAL Gel Fortifiant Cils et Sourcils ANP2+: Renforce, embellit et donne du volume aux cils et aux sourcils Produit incolore et non gras pouvant s'appliquer sous le mascara dont il am\u00e9liore la tenue. Application facile gr\u00e2ce \u00e0 la brosse ergonomique. Peut s'utiliser le jour et\/ou la nuit. Convient aux yeux sensibles et aux porteurs de lentilles. TEST\u00c9 SOUS CONTR\u00d4LE OPHTALMOLOGIQUE. R\u00e9sultats visibles d\u00e8s 15 jours!","og_url":"https:\/\/larima.ca\/fr\/ecrinal-gel-fortifiant-cils-et-sourcils\/","og_site_name":"Laboratoire Larima","article_modified_time":"2025-12-08T18:38:25+00:00","twitter_card":"summary_large_image","twitter_misc":{"Dur\u00e9e de lecture estim\u00e9e":"7 minutes"},"schema":{"@context":"https:\/\/schema.org","@graph":[{"@type":"WebPage","@id":"https:\/\/larima.ca\/fr\/ecrinal-gel-fortifiant-cils-et-sourcils\/","url":"https:\/\/larima.ca\/fr\/ecrinal-gel-fortifiant-cils-et-sourcils\/","name":"ECRINAL Gel Fortifiant Cils et Sourcils ANP2+ - Laboratoire Larima","isPartOf":{"@id":"https:\/\/larima.ca\/fr\/#website"},"datePublished":"2015-05-11T18:48:32+00:00","dateModified":"2025-12-08T18:38:25+00:00","description":"ECRINAL Gel Fortifiant Cils et Sourcils ANP2+: Renforce, embellit et donne du volume aux cils et aux sourcils Produit incolore et non gras pouvant s'appliquer sous le mascara dont il am\u00e9liore la tenue. Application facile gr\u00e2ce \u00e0 la brosse ergonomique. Peut s'utiliser le jour et\/ou la nuit. Convient aux yeux sensibles et aux porteurs de lentilles. TEST\u00c9 SOUS CONTR\u00d4LE OPHTALMOLOGIQUE. R\u00e9sultats visibles d\u00e8s 15 jours!","breadcrumb":{"@id":"https:\/\/larima.ca\/fr\/ecrinal-gel-fortifiant-cils-et-sourcils\/#breadcrumb"},"inLanguage":"fr-FR","potentialAction":[{"@type":"ReadAction","target":["https:\/\/larima.ca\/fr\/ecrinal-gel-fortifiant-cils-et-sourcils\/"]}]},{"@type":"BreadcrumbList","@id":"https:\/\/larima.ca\/fr\/ecrinal-gel-fortifiant-cils-et-sourcils\/#breadcrumb","itemListElement":[{"@type":"ListItem","position":1,"name":"Accueil","item":"https:\/\/larima.ca\/fr\/"},{"@type":"ListItem","position":2,"name":"ECRINAL Gel Fortifiant Cils et Sourcils ANP2+"}]},{"@type":"WebSite","@id":"https:\/\/larima.ca\/fr\/#website","url":"https:\/\/larima.ca\/fr\/","name":"Laboratoire Larima","description":"Au service de votre bien-\u00eatre depuis 1979","publisher":{"@id":"https:\/\/larima.ca\/fr\/#organization"},"potentialAction":[{"@type":"SearchAction","target":{"@type":"EntryPoint","urlTemplate":"https:\/\/larima.ca\/fr\/?s={search_term_string}"},"query-input":{"@type":"PropertyValueSpecification","valueRequired":true,"valueName":"search_term_string"}}],"inLanguage":"fr-FR"},{"@type":"Organization","@id":"https:\/\/larima.ca\/fr\/#organization","name":"Laboratoire Larima","url":"https:\/\/larima.ca\/fr\/","logo":{"@type":"ImageObject","inLanguage":"fr-FR","@id":"https:\/\/larima.ca\/fr\/#\/schema\/logo\/image\/","url":"http:\/\/larima.ca\/wp-content\/uploads\/2023\/01\/larimalogo.jpg","contentUrl":"http:\/\/larima.ca\/wp-content\/uploads\/2023\/01\/larimalogo.jpg","width":512,"height":512,"caption":"Laboratoire Larima"},"image":{"@id":"https:\/\/larima.ca\/fr\/#\/schema\/logo\/image\/"}}]}},"_links":{"self":[{"href":"https:\/\/larima.ca\/fr\/wp-json\/wp\/v2\/pages\/856","targetHints":{"allow":["GET"]}}],"collection":[{"href":"https:\/\/larima.ca\/fr\/wp-json\/wp\/v2\/pages"}],"about":[{"href":"https:\/\/larima.ca\/fr\/wp-json\/wp\/v2\/types\/page"}],"author":[{"embeddable":true,"href":"https:\/\/larima.ca\/fr\/wp-json\/wp\/v2\/users\/1"}],"replies":[{"embeddable":true,"href":"https:\/\/larima.ca\/fr\/wp-json\/wp\/v2\/comments?post=856"}],"version-history":[{"count":0,"href":"https:\/\/larima.ca\/fr\/wp-json\/wp\/v2\/pages\/856\/revisions"}],"wp:attachment":[{"href":"https:\/\/larima.ca\/fr\/wp-json\/wp\/v2\/media?parent=856"}],"curies":[{"name":"wp","href":"https:\/\/api.w.org\/{rel}","templated":true}]}}