{"id":2701,"date":"2015-07-15T14:42:22","date_gmt":"2015-07-15T13:42:22","guid":{"rendered":"http:\/\/www.larima.ca\/test\/?page_id=2701"},"modified":"2025-12-08T13:05:20","modified_gmt":"2025-12-08T18:05:20","slug":"coup-declat-concentre-energetique-au-collagene-marin","status":"publish","type":"page","link":"https:\/\/larima.ca\/fr\/coup-declat-concentre-energetique-au-collagene-marin\/","title":{"rendered":"COUP D&rsquo;ECLAT Concentr\u00e9 \u00c9nerg\u00e9tique au Collag\u00e8ne Marin"},"content":{"rendered":"<p>[et_pb_section fb_built=\u00a0\u00bb1&Prime; admin_label=\u00a0\u00bbsection\u00a0\u00bb _builder_version=\u00a0\u00bb4.16&Prime; background_color=\u00a0\u00bb#ffffff\u00a0\u00bb transparent_background=\u00a0\u00bboff\u00a0\u00bb global_colors_info=\u00a0\u00bb{}\u00a0\u00bb][et_pb_row column_structure=\u00a0\u00bb1_2,1_2&Prime; admin_label=\u00a0\u00bbrow\u00a0\u00bb _builder_version=\u00a0\u00bb4.16&Prime; background_size=\u00a0\u00bbinitial\u00a0\u00bb background_position=\u00a0\u00bbtop_left\u00a0\u00bb background_repeat=\u00a0\u00bbrepeat\u00a0\u00bb global_colors_info=\u00a0\u00bb{}\u00a0\u00bb][et_pb_column type=\u00a0\u00bb1_2&Prime; _builder_version=\u00a0\u00bb4.16&Prime; custom_padding=\u00a0\u00bb|||\u00a0\u00bb global_colors_info=\u00a0\u00bb{}\u00a0\u00bb custom_padding__hover=\u00a0\u00bb|||\u00a0\u00bb][et_pb_image src=\u00a0\u00bbhttp:\/\/larima.ca\/wp-content\/uploads\/2024\/10\/7-1.png\u00a0\u00bb alt=\u00a0\u00bbCoup-d&rsquo;Eclat-Ampoules-Collag\u00e8ne-12x1ml-92%-960px\u00a0\u00bb title_text=\u00a0\u00bb7&Prime; show_in_lightbox=\u00a0\u00bbon\u00a0\u00bb align_tablet=\u00a0\u00bbcenter\u00a0\u00bb align_phone=\u00a0\u00bb\u00a0\u00bb align_last_edited=\u00a0\u00bbon|desktop\u00a0\u00bb admin_label=\u00a0\u00bbCOUP D&rsquo;ECLAT Concentr\u00e9 \u00c9nerg\u00e9tique au Collag\u00e8ne Marin\u00a0\u00bb _builder_version=\u00a0\u00bb4.21.0&Prime; animation_style=\u00a0\u00bbfade\u00a0\u00bb animation_duration=\u00a0\u00bb500ms\u00a0\u00bb animation=\u00a0\u00bbfade_in\u00a0\u00bb sticky=\u00a0\u00bboff\u00a0\u00bb use_border_color=\u00a0\u00bboff\u00a0\u00bb border_color=\u00a0\u00bb#ffffff\u00a0\u00bb border_style=\u00a0\u00bbsolid\u00a0\u00bb global_colors_info=\u00a0\u00bb{}\u00a0\u00bb]&nbsp;<br \/>\n[\/et_pb_image][\/et_pb_column][et_pb_column type=\u00a0\u00bb1_2&Prime; _builder_version=\u00a0\u00bb4.16&Prime; custom_padding=\u00a0\u00bb|||\u00a0\u00bb global_colors_info=\u00a0\u00bb{}\u00a0\u00bb custom_padding__hover=\u00a0\u00bb|||\u00a0\u00bb][et_pb_text _builder_version=\u00a0\u00bb4.16&Prime; background_size=\u00a0\u00bbinitial\u00a0\u00bb background_position=\u00a0\u00bbtop_left\u00a0\u00bb background_repeat=\u00a0\u00bbrepeat\u00a0\u00bb use_border_color=\u00a0\u00bboff\u00a0\u00bb border_color=\u00a0\u00bb#ffffff\u00a0\u00bb border_style=\u00a0\u00bbsolid\u00a0\u00bb global_colors_info=\u00a0\u00bb{}\u00a0\u00bb]<\/p>\n<h2>COUP D&rsquo;ECLAT Concentr\u00e9 \u00c9nerg\u00e9tique au Collag\u00e8ne Marin<\/h2>\n<p>[\/et_pb_text][et_pb_blurb title=\u00a0\u00bbDescription\u00a0\u00bb use_icon=\u00a0\u00bbon\u00a0\u00bb font_icon=\u00a0\u00bb&#xe60f;||divi||400&Prime; icon_color=\u00a0\u00bb#05b0bc\u00a0\u00bb icon_placement=\u00a0\u00bbleft\u00a0\u00bb admin_label=\u00a0\u00bbDescription\u00a0\u00bb _builder_version=\u00a0\u00bb4.16&Prime; background_size=\u00a0\u00bbinitial\u00a0\u00bb background_position=\u00a0\u00bbtop_left\u00a0\u00bb background_repeat=\u00a0\u00bbrepeat\u00a0\u00bb max_width_tablet=\u00a0\u00bb50px\u00a0\u00bb use_border_color=\u00a0\u00bboff\u00a0\u00bb global_colors_info=\u00a0\u00bb{}\u00a0\u00bb]<\/p>\n<p>COUP D&rsquo;ECLAT Ampoule Concentr\u00e9 \u00c9nerg\u00e9tique Anti-\u00c2ge au Collag\u00e8ne Marin: Cure anti-rides raffermissante. Soin de nuit repulpant et dynamisant. Cible principalement les signes visibles de l&rsquo;\u00e2ge et aide \u00e0 restaurer l&rsquo;\u00e9clat, l&rsquo;hydratation et la r\u00e9sistance de la peau. Apr\u00e8s 6 jours seulement, la peau para\u00eet visiblement plus ferme et moins froiss\u00e9e au r\u00e9veil. Apr\u00e8s 12 jours la peau para\u00eet repulp\u00e9e et visiblement plus jeune. Particuli\u00e8rement conseill\u00e9 au changement de saison. \u00a0R\u00e9sultats saisissants!<\/p>\n<p>[\/et_pb_blurb][et_pb_blurb title=\u00a0\u00bbIndications\u00a0\u00bb use_icon=\u00a0\u00bbon\u00a0\u00bb font_icon=\u00a0\u00bb&#x52;||divi||400&Prime; icon_color=\u00a0\u00bb#05b0bc\u00a0\u00bb icon_placement=\u00a0\u00bbleft\u00a0\u00bb admin_label=\u00a0\u00bbIndications\u00a0\u00bb _builder_version=\u00a0\u00bb4.16&Prime; background_size=\u00a0\u00bbinitial\u00a0\u00bb background_position=\u00a0\u00bbtop_left\u00a0\u00bb background_repeat=\u00a0\u00bbrepeat\u00a0\u00bb use_border_color=\u00a0\u00bboff\u00a0\u00bb global_colors_info=\u00a0\u00bb{}\u00a0\u00bb]Tous types de peaux, \u00e0 partir de 25 ans.<br \/>\nFortement recommand\u00e9 pour les peaux matures, rid\u00e9es en manque de fermet\u00e9.<br \/>\n[\/et_pb_blurb][et_pb_blurb title=\u00a0\u00bbConseils d&rsquo;utilisation\u00a0\u00bb use_icon=\u00a0\u00bbon\u00a0\u00bb font_icon=\u00a0\u00bb&#x6b;||divi||400&Prime; icon_color=\u00a0\u00bb#05b0bc\u00a0\u00bb icon_placement=\u00a0\u00bbleft\u00a0\u00bb admin_label=\u00a0\u00bbConseils d&rsquo;utilisation\u00a0\u00bb _builder_version=\u00a0\u00bb4.16&Prime; background_size=\u00a0\u00bbinitial\u00a0\u00bb background_position=\u00a0\u00bbtop_left\u00a0\u00bb background_repeat=\u00a0\u00bbrepeat\u00a0\u00bb max_width_tablet=\u00a0\u00bb50px\u00a0\u00bb global_colors_info=\u00a0\u00bb{}\u00a0\u00bb]<\/p>\n<p>Utiliser le soir au coucher sur le visage parfaitement nettoy\u00e9, r\u00e9partir le contenu d\u2019une ampoule sur le visage, le cou et le d\u00e9collet\u00e9 et proc\u00e9der \u00e0 un massage d\u00e9licat jusqu\u2019\u00e0 compl\u00e8te p\u00e9n\u00e9tration. Insister sur les zones les plus marqu\u00e9es.<br \/>\u00c9viter les paupi\u00e8res mobiles. \u00a0Pour des r\u00e9sultats sup\u00e9rieurs utiliser en cure de 12 \u00e0 24 jours.<\/p>\n<p>[\/et_pb_blurb][et_pb_blurb title=\u00a0\u00bbPrincipaux ingr\u00e9dients \u00a0\u00bb use_icon=\u00a0\u00bbon\u00a0\u00bb font_icon=\u00a0\u00bb&#xe00a;||divi||400&Prime; icon_color=\u00a0\u00bb#05b0bc\u00a0\u00bb icon_placement=\u00a0\u00bbleft\u00a0\u00bb admin_label=\u00a0\u00bbIngredients actifs\u00a0\u00bb _builder_version=\u00a0\u00bb4.16&Prime; background_size=\u00a0\u00bbinitial\u00a0\u00bb background_position=\u00a0\u00bbtop_left\u00a0\u00bb background_repeat=\u00a0\u00bbrepeat\u00a0\u00bb use_border_color=\u00a0\u00bboff\u00a0\u00bb border_color=\u00a0\u00bb#ffffff\u00a0\u00bb border_style=\u00a0\u00bbsolid\u00a0\u00bb global_colors_info=\u00a0\u00bb{}\u00a0\u00bb]Collag\u00e8ne Marin \u00e0 Haute Concentration<br \/>\nPeptide Raffermissant IDEALIFT (Brevet\u00e9)<br \/>\nPeptide Lissant Anti-Rides MATRIXYL Synthe&rsquo;6 (Brevet\u00e9)<br \/>\nSans paraben<br \/>\n[\/et_pb_blurb][et_pb_blurb title=\u00a0\u00bbFormats\u00a0\u00bb use_icon=\u00a0\u00bbon\u00a0\u00bb font_icon=\u00a0\u00bb&#xe02d;||divi||400&Prime; icon_color=\u00a0\u00bb#05b0bc\u00a0\u00bb icon_placement=\u00a0\u00bbleft\u00a0\u00bb admin_label=\u00a0\u00bbFormat\u00a0\u00bb _builder_version=\u00a0\u00bb4.16&Prime; background_size=\u00a0\u00bbinitial\u00a0\u00bb background_position=\u00a0\u00bbtop_left\u00a0\u00bb background_repeat=\u00a0\u00bbrepeat\u00a0\u00bb use_border_color=\u00a0\u00bboff\u00a0\u00bb border_color=\u00a0\u00bb#ffffff\u00a0\u00bb border_style=\u00a0\u00bbsolid\u00a0\u00bb global_colors_info=\u00a0\u00bb{}\u00a0\u00bb]<\/p>\n<p>3 x 1 ml<br \/>7 x 1 ml<br \/>12 x 1 ml<\/p>\n<p>[\/et_pb_blurb][\/et_pb_column][\/et_pb_row][\/et_pb_section][et_pb_section fb_built=\u00a0\u00bb1&Prime; _builder_version=\u00a0\u00bb4.16&Prime; background_color=\u00a0\u00bb#f9f9f9&Prime; min_height=\u00a0\u00bb231.3px\u00a0\u00bb custom_margin=\u00a0\u00bb||3px|||\u00a0\u00bb custom_padding=\u00a0\u00bb57px|0px|49px|0px||\u00a0\u00bb locked=\u00a0\u00bboff\u00a0\u00bb global_colors_info=\u00a0\u00bb{}\u00a0\u00bb][et_pb_row column_padding_mobile=\u00a0\u00bbon\u00a0\u00bb _builder_version=\u00a0\u00bb4.16&Prime; background_color=\u00a0\u00bb#FFFFFF\u00a0\u00bb background_size=\u00a0\u00bbinitial\u00a0\u00bb background_position=\u00a0\u00bbtop_left\u00a0\u00bb background_repeat=\u00a0\u00bbrepeat\u00a0\u00bb custom_padding=\u00a0\u00bb0px|0px|13px|0px\u00a0\u00bb global_colors_info=\u00a0\u00bb{}\u00a0\u00bb][et_pb_column type=\u00a0\u00bb4_4&Prime; _builder_version=\u00a0\u00bb4.16&Prime; custom_padding=\u00a0\u00bb|||\u00a0\u00bb global_colors_info=\u00a0\u00bb{}\u00a0\u00bb custom_padding__hover=\u00a0\u00bb|||\u00a0\u00bb][et_pb_text admin_label=\u00a0\u00bbDisponible chez les d\u00e9taillants participants suivants :\u00a0\u00bb _builder_version=\u00a0\u00bb4.16&Prime; background_color=\u00a0\u00bb#FFFFFF\u00a0\u00bb background_size=\u00a0\u00bbinitial\u00a0\u00bb background_position=\u00a0\u00bbtop_left\u00a0\u00bb background_repeat=\u00a0\u00bbrepeat\u00a0\u00bb text_orientation=\u00a0\u00bbcenter\u00a0\u00bb module_alignment=\u00a0\u00bbcenter\u00a0\u00bb custom_padding=\u00a0\u00bb17px|17px|17px|17px|false|false\u00a0\u00bb inline_fonts=\u00a0\u00bbArimo\u00a0\u00bb global_colors_info=\u00a0\u00bb{}\u00a0\u00bb]<\/p>\n<h1 style=\"text-align: center;\"><span style=\"font-family: Arimo;\">Nos produits sont disponibles chez :<\/span><\/h1>\n<p>[\/et_pb_text][\/et_pb_column][\/et_pb_row][et_pb_row column_structure=\u00a0\u00bb1_3,1_3,1_3&Prime; column_padding_mobile=\u00a0\u00bbon\u00a0\u00bb _builder_version=\u00a0\u00bb4.16&Prime; background_color=\u00a0\u00bb#FFFFFF\u00a0\u00bb background_size=\u00a0\u00bbinitial\u00a0\u00bb background_position=\u00a0\u00bbtop_left\u00a0\u00bb background_repeat=\u00a0\u00bbrepeat\u00a0\u00bb custom_padding=\u00a0\u00bb0px|0px|17px|0px||\u00a0\u00bb global_colors_info=\u00a0\u00bb{}\u00a0\u00bb][et_pb_column type=\u00a0\u00bb1_3&Prime; _builder_version=\u00a0\u00bb4.16&Prime; custom_padding=\u00a0\u00bb|||\u00a0\u00bb global_colors_info=\u00a0\u00bb{}\u00a0\u00bb custom_padding__hover=\u00a0\u00bb|||\u00a0\u00bb][et_pb_image src=\u00a0\u00bbhttps:\/\/larima.ca\/wp-content\/uploads\/2015\/04\/JeanCoutu_Logo-1.jpg\u00a0\u00bb align=\u00a0\u00bbcenter\u00a0\u00bb align_tablet=\u00a0\u00bbcenter\u00a0\u00bb align_phone=\u00a0\u00bb\u00a0\u00bb align_last_edited=\u00a0\u00bbon|desktop\u00a0\u00bb _builder_version=\u00a0\u00bb4.16&Prime; animation_style=\u00a0\u00bbslide\u00a0\u00bb animation_direction=\u00a0\u00bbleft\u00a0\u00bb animation_duration=\u00a0\u00bb500ms\u00a0\u00bb animation_intensity_slide=\u00a0\u00bb10%\u00a0\u00bb global_colors_info=\u00a0\u00bb{}\u00a0\u00bb][\/et_pb_image][\/et_pb_column][et_pb_column type=\u00a0\u00bb1_3&Prime; _builder_version=\u00a0\u00bb4.16&Prime; custom_padding=\u00a0\u00bb|||\u00a0\u00bb global_colors_info=\u00a0\u00bb{}\u00a0\u00bb custom_padding__hover=\u00a0\u00bb|||\u00a0\u00bb][et_pb_image src=\u00a0\u00bbhttp:\/\/larima.ca\/wp-content\/uploads\/2025\/09\/Pharmaprix_Logo-1.jpg\u00a0\u00bb title_text=\u00a0\u00bbPharmaprix_Logo\u00a0\u00bb _builder_version=\u00a0\u00bb4.21.0&Prime; _module_preset=\u00a0\u00bbdefault\u00a0\u00bb hover_enabled=\u00a0\u00bb0&Prime; global_colors_info=\u00a0\u00bb{}\u00a0\u00bb sticky_enabled=\u00a0\u00bb0&Prime; url=\u00a0\u00bbhttps:\/\/www.pharmaprix.ca\/shop\/coup-d&rsquo;eclat\/c\/COUP,D&rsquo;ECLAT?originalTarget=coup+d%27eclat\u00a0\u00bb][\/et_pb_image][\/et_pb_column][et_pb_column type=\u00a0\u00bb1_3&Prime; _builder_version=\u00a0\u00bb4.16&Prime; custom_padding=\u00a0\u00bb|||\u00a0\u00bb global_colors_info=\u00a0\u00bb{}\u00a0\u00bb custom_padding__hover=\u00a0\u00bb|||\u00a0\u00bb][et_pb_image src=\u00a0\u00bbhttps:\/\/larima.ca\/wp-content\/uploads\/2015\/04\/Brunet_Logo-1.jpg\u00a0\u00bb align=\u00a0\u00bbcenter\u00a0\u00bb align_tablet=\u00a0\u00bbcenter\u00a0\u00bb align_phone=\u00a0\u00bb\u00a0\u00bb align_last_edited=\u00a0\u00bbon|desktop\u00a0\u00bb _builder_version=\u00a0\u00bb4.16&Prime; animation_style=\u00a0\u00bbslide\u00a0\u00bb animation_direction=\u00a0\u00bbleft\u00a0\u00bb animation_duration=\u00a0\u00bb500ms\u00a0\u00bb animation_intensity_slide=\u00a0\u00bb10%\u00a0\u00bb global_colors_info=\u00a0\u00bb{}\u00a0\u00bb][\/et_pb_image][\/et_pb_column][\/et_pb_row][et_pb_row column_structure=\u00a0\u00bb1_3,1_3,1_3&Prime; column_padding_mobile=\u00a0\u00bbon\u00a0\u00bb _builder_version=\u00a0\u00bb4.16&Prime; background_color=\u00a0\u00bb#FFFFFF\u00a0\u00bb background_size=\u00a0\u00bbinitial\u00a0\u00bb background_position=\u00a0\u00bbtop_left\u00a0\u00bb background_repeat=\u00a0\u00bbrepeat\u00a0\u00bb custom_padding=\u00a0\u00bb0px|0px|17px|0px||\u00a0\u00bb global_colors_info=\u00a0\u00bb{}\u00a0\u00bb][et_pb_column type=\u00a0\u00bb1_3&Prime; _builder_version=\u00a0\u00bb4.16&Prime; custom_padding=\u00a0\u00bb|||\u00a0\u00bb global_colors_info=\u00a0\u00bb{}\u00a0\u00bb custom_padding__hover=\u00a0\u00bb|||\u00a0\u00bb][et_pb_image src=\u00a0\u00bbhttps:\/\/larima.ca\/wp-content\/uploads\/2015\/04\/Uniprix_Logo-1.jpg\u00a0\u00bb align=\u00a0\u00bbcenter\u00a0\u00bb align_tablet=\u00a0\u00bbcenter\u00a0\u00bb align_phone=\u00a0\u00bb\u00a0\u00bb align_last_edited=\u00a0\u00bbon|desktop\u00a0\u00bb _builder_version=\u00a0\u00bb4.16&Prime; animation_style=\u00a0\u00bbslide\u00a0\u00bb animation_direction=\u00a0\u00bbleft\u00a0\u00bb animation_duration=\u00a0\u00bb500ms\u00a0\u00bb animation_intensity_slide=\u00a0\u00bb10%\u00a0\u00bb global_colors_info=\u00a0\u00bb{}\u00a0\u00bb][\/et_pb_image][\/et_pb_column][et_pb_column type=\u00a0\u00bb1_3&Prime; _builder_version=\u00a0\u00bb4.16&Prime; custom_padding=\u00a0\u00bb|||\u00a0\u00bb global_colors_info=\u00a0\u00bb{}\u00a0\u00bb custom_padding__hover=\u00a0\u00bb|||\u00a0\u00bb][et_pb_image src=\u00a0\u00bbhttps:\/\/larima.ca\/wp-content\/uploads\/2015\/04\/Familiprix_Logo-1.jpg\u00a0\u00bb align=\u00a0\u00bbcenter\u00a0\u00bb align_tablet=\u00a0\u00bbcenter\u00a0\u00bb align_phone=\u00a0\u00bb\u00a0\u00bb align_last_edited=\u00a0\u00bbon|desktop\u00a0\u00bb _builder_version=\u00a0\u00bb4.16&Prime; animation_style=\u00a0\u00bbslide\u00a0\u00bb animation_direction=\u00a0\u00bbleft\u00a0\u00bb animation_duration=\u00a0\u00bb500ms\u00a0\u00bb animation_intensity_slide=\u00a0\u00bb10%\u00a0\u00bb locked=\u00a0\u00bboff\u00a0\u00bb global_colors_info=\u00a0\u00bb{}\u00a0\u00bb][\/et_pb_image][\/et_pb_column][et_pb_column type=\u00a0\u00bb1_3&Prime; _builder_version=\u00a0\u00bb4.16&Prime; custom_padding=\u00a0\u00bb|||\u00a0\u00bb global_colors_info=\u00a0\u00bb{}\u00a0\u00bb custom_padding__hover=\u00a0\u00bb|||\u00a0\u00bb][et_pb_image src=\u00a0\u00bbhttp:\/\/larima.ca\/wp-content\/uploads\/2024\/02\/Proxim-logo-Larima.jpg\u00a0\u00bb alt=\u00a0\u00bbLogo Proxim\u00a0\u00bb title_text=\u00a0\u00bbProxim logo Larima\u00a0\u00bb align=\u00a0\u00bbcenter\u00a0\u00bb align_tablet=\u00a0\u00bbcenter\u00a0\u00bb align_phone=\u00a0\u00bb\u00a0\u00bb align_last_edited=\u00a0\u00bbon|desktop\u00a0\u00bb _builder_version=\u00a0\u00bb4.21.0&Prime; animation_style=\u00a0\u00bbslide\u00a0\u00bb animation_direction=\u00a0\u00bbleft\u00a0\u00bb animation_duration=\u00a0\u00bb500ms\u00a0\u00bb animation_intensity_slide=\u00a0\u00bb10%\u00a0\u00bb locked=\u00a0\u00bboff\u00a0\u00bb global_colors_info=\u00a0\u00bb{}\u00a0\u00bb][\/et_pb_image][\/et_pb_column][\/et_pb_row][\/et_pb_section]<\/p>\n<span class=\"et_bloom_bottom_trigger\"><\/span>","protected":false},"excerpt":{"rendered":"<p>&nbsp; COUP D&rsquo;ECLAT Concentr\u00e9 \u00c9nerg\u00e9tique au Collag\u00e8ne Marin COUP D&rsquo;ECLAT Ampoule Concentr\u00e9 \u00c9nerg\u00e9tique Anti-\u00c2ge au Collag\u00e8ne Marin: Cure anti-rides raffermissante. Soin de nuit repulpant et dynamisant. Cible principalement les signes visibles de l&rsquo;\u00e2ge et aide \u00e0 restaurer l&rsquo;\u00e9clat, l&rsquo;hydratation et la r\u00e9sistance de la peau. Apr\u00e8s 6 jours seulement, la peau para\u00eet visiblement plus ferme [&hellip;]<\/p>\n","protected":false},"author":1,"featured_media":0,"parent":0,"menu_order":0,"comment_status":"open","ping_status":"open","template":"","meta":{"_et_pb_use_builder":"on","_et_pb_old_content":"","_et_gb_content_width":"","footnotes":""},"class_list":["post-2701","page","type-page","status-publish","hentry"],"yoast_head":"<!-- This site is optimized with the Yoast SEO plugin v28.3 - https:\/\/yoast.com\/product\/yoast-seo-wordpress\/ -->\n<title>COUP D&#039;ECLAT Concentr\u00e9 \u00c9nerg\u00e9tique au Collag\u00e8ne Marin - Laboratoire Larima<\/title>\n<meta name=\"description\" content=\"COUP D&#039;ECLAT Concentr\u00e9 \u00c9nerg\u00e9tique au Collag\u00e8ne Marin: Aide \u00e0 restaurer l&#039;\u00e9clat, la fermet\u00e9 et la r\u00e9sistance de la peau.\" \/>\n<meta name=\"robots\" content=\"index, follow, max-snippet:-1, max-image-preview:large, max-video-preview:-1\" \/>\n<link rel=\"canonical\" href=\"https:\/\/larima.ca\/fr\/coup-declat-concentre-energetique-au-collagene-marin\/\" \/>\n<meta property=\"og:locale\" content=\"fr_FR\" \/>\n<meta property=\"og:type\" content=\"article\" \/>\n<meta property=\"og:title\" content=\"COUP D&#039;ECLAT Concentr\u00e9 \u00c9nerg\u00e9tique au Collag\u00e8ne Marin - Laboratoire Larima\" \/>\n<meta property=\"og:description\" content=\"COUP D&#039;ECLAT Concentr\u00e9 \u00c9nerg\u00e9tique au Collag\u00e8ne Marin: Aide \u00e0 restaurer l&#039;\u00e9clat, la fermet\u00e9 et la r\u00e9sistance de la peau.\" \/>\n<meta property=\"og:url\" content=\"https:\/\/larima.ca\/fr\/coup-declat-concentre-energetique-au-collagene-marin\/\" \/>\n<meta property=\"og:site_name\" content=\"Laboratoire Larima\" \/>\n<meta property=\"article:modified_time\" content=\"2025-12-08T18:05:20+00:00\" \/>\n<meta name=\"twitter:card\" content=\"summary_large_image\" \/>\n<meta name=\"twitter:label1\" content=\"Dur\u00e9e de lecture estim\u00e9e\" \/>\n\t<meta name=\"twitter:data1\" content=\"3 minutes\" \/>\n<script type=\"application\/ld+json\" class=\"yoast-schema-graph\">{\"@context\":\"https:\\\/\\\/schema.org\",\"@graph\":[{\"@type\":\"WebPage\",\"@id\":\"https:\\\/\\\/larima.ca\\\/fr\\\/coup-declat-concentre-energetique-au-collagene-marin\\\/\",\"url\":\"https:\\\/\\\/larima.ca\\\/fr\\\/coup-declat-concentre-energetique-au-collagene-marin\\\/\",\"name\":\"COUP D'ECLAT Concentr\u00e9 \u00c9nerg\u00e9tique au Collag\u00e8ne Marin - Laboratoire Larima\",\"isPartOf\":{\"@id\":\"https:\\\/\\\/larima.ca\\\/fr\\\/#website\"},\"datePublished\":\"2015-07-15T13:42:22+00:00\",\"dateModified\":\"2025-12-08T18:05:20+00:00\",\"description\":\"COUP D'ECLAT Concentr\u00e9 \u00c9nerg\u00e9tique au Collag\u00e8ne Marin: Aide \u00e0 restaurer l'\u00e9clat, la fermet\u00e9 et la r\u00e9sistance de la peau.\",\"breadcrumb\":{\"@id\":\"https:\\\/\\\/larima.ca\\\/fr\\\/coup-declat-concentre-energetique-au-collagene-marin\\\/#breadcrumb\"},\"inLanguage\":\"fr-FR\",\"potentialAction\":[{\"@type\":\"ReadAction\",\"target\":[\"https:\\\/\\\/larima.ca\\\/fr\\\/coup-declat-concentre-energetique-au-collagene-marin\\\/\"]}]},{\"@type\":\"BreadcrumbList\",\"@id\":\"https:\\\/\\\/larima.ca\\\/fr\\\/coup-declat-concentre-energetique-au-collagene-marin\\\/#breadcrumb\",\"itemListElement\":[{\"@type\":\"ListItem\",\"position\":1,\"name\":\"Accueil\",\"item\":\"https:\\\/\\\/larima.ca\\\/fr\\\/\"},{\"@type\":\"ListItem\",\"position\":2,\"name\":\"COUP D&rsquo;ECLAT Concentr\u00e9 \u00c9nerg\u00e9tique au Collag\u00e8ne Marin\"}]},{\"@type\":\"WebSite\",\"@id\":\"https:\\\/\\\/larima.ca\\\/fr\\\/#website\",\"url\":\"https:\\\/\\\/larima.ca\\\/fr\\\/\",\"name\":\"Laboratoire Larima\",\"description\":\"Au service de votre bien-\u00eatre depuis 1979\",\"publisher\":{\"@id\":\"https:\\\/\\\/larima.ca\\\/fr\\\/#organization\"},\"potentialAction\":[{\"@type\":\"SearchAction\",\"target\":{\"@type\":\"EntryPoint\",\"urlTemplate\":\"https:\\\/\\\/larima.ca\\\/fr\\\/?s={search_term_string}\"},\"query-input\":{\"@type\":\"PropertyValueSpecification\",\"valueRequired\":true,\"valueName\":\"search_term_string\"}}],\"inLanguage\":\"fr-FR\"},{\"@type\":\"Organization\",\"@id\":\"https:\\\/\\\/larima.ca\\\/fr\\\/#organization\",\"name\":\"Laboratoire Larima\",\"url\":\"https:\\\/\\\/larima.ca\\\/fr\\\/\",\"logo\":{\"@type\":\"ImageObject\",\"inLanguage\":\"fr-FR\",\"@id\":\"https:\\\/\\\/larima.ca\\\/fr\\\/#\\\/schema\\\/logo\\\/image\\\/\",\"url\":\"http:\\\/\\\/larima.ca\\\/wp-content\\\/uploads\\\/2023\\\/01\\\/larimalogo.jpg\",\"contentUrl\":\"http:\\\/\\\/larima.ca\\\/wp-content\\\/uploads\\\/2023\\\/01\\\/larimalogo.jpg\",\"width\":512,\"height\":512,\"caption\":\"Laboratoire Larima\"},\"image\":{\"@id\":\"https:\\\/\\\/larima.ca\\\/fr\\\/#\\\/schema\\\/logo\\\/image\\\/\"}}]}<\/script>\n<!-- \/ Yoast SEO plugin. -->","yoast_head_json":{"title":"COUP D'ECLAT Concentr\u00e9 \u00c9nerg\u00e9tique au Collag\u00e8ne Marin - Laboratoire Larima","description":"COUP D'ECLAT Concentr\u00e9 \u00c9nerg\u00e9tique au Collag\u00e8ne Marin: Aide \u00e0 restaurer l'\u00e9clat, la fermet\u00e9 et la r\u00e9sistance de la peau.","robots":{"index":"index","follow":"follow","max-snippet":"max-snippet:-1","max-image-preview":"max-image-preview:large","max-video-preview":"max-video-preview:-1"},"canonical":"https:\/\/larima.ca\/fr\/coup-declat-concentre-energetique-au-collagene-marin\/","og_locale":"fr_FR","og_type":"article","og_title":"COUP D'ECLAT Concentr\u00e9 \u00c9nerg\u00e9tique au Collag\u00e8ne Marin - Laboratoire Larima","og_description":"COUP D'ECLAT Concentr\u00e9 \u00c9nerg\u00e9tique au Collag\u00e8ne Marin: Aide \u00e0 restaurer l'\u00e9clat, la fermet\u00e9 et la r\u00e9sistance de la peau.","og_url":"https:\/\/larima.ca\/fr\/coup-declat-concentre-energetique-au-collagene-marin\/","og_site_name":"Laboratoire Larima","article_modified_time":"2025-12-08T18:05:20+00:00","twitter_card":"summary_large_image","twitter_misc":{"Dur\u00e9e de lecture estim\u00e9e":"3 minutes"},"schema":{"@context":"https:\/\/schema.org","@graph":[{"@type":"WebPage","@id":"https:\/\/larima.ca\/fr\/coup-declat-concentre-energetique-au-collagene-marin\/","url":"https:\/\/larima.ca\/fr\/coup-declat-concentre-energetique-au-collagene-marin\/","name":"COUP D'ECLAT Concentr\u00e9 \u00c9nerg\u00e9tique au Collag\u00e8ne Marin - Laboratoire Larima","isPartOf":{"@id":"https:\/\/larima.ca\/fr\/#website"},"datePublished":"2015-07-15T13:42:22+00:00","dateModified":"2025-12-08T18:05:20+00:00","description":"COUP D'ECLAT Concentr\u00e9 \u00c9nerg\u00e9tique au Collag\u00e8ne Marin: Aide \u00e0 restaurer l'\u00e9clat, la fermet\u00e9 et la r\u00e9sistance de la peau.","breadcrumb":{"@id":"https:\/\/larima.ca\/fr\/coup-declat-concentre-energetique-au-collagene-marin\/#breadcrumb"},"inLanguage":"fr-FR","potentialAction":[{"@type":"ReadAction","target":["https:\/\/larima.ca\/fr\/coup-declat-concentre-energetique-au-collagene-marin\/"]}]},{"@type":"BreadcrumbList","@id":"https:\/\/larima.ca\/fr\/coup-declat-concentre-energetique-au-collagene-marin\/#breadcrumb","itemListElement":[{"@type":"ListItem","position":1,"name":"Accueil","item":"https:\/\/larima.ca\/fr\/"},{"@type":"ListItem","position":2,"name":"COUP D&rsquo;ECLAT Concentr\u00e9 \u00c9nerg\u00e9tique au Collag\u00e8ne Marin"}]},{"@type":"WebSite","@id":"https:\/\/larima.ca\/fr\/#website","url":"https:\/\/larima.ca\/fr\/","name":"Laboratoire Larima","description":"Au service de votre bien-\u00eatre depuis 1979","publisher":{"@id":"https:\/\/larima.ca\/fr\/#organization"},"potentialAction":[{"@type":"SearchAction","target":{"@type":"EntryPoint","urlTemplate":"https:\/\/larima.ca\/fr\/?s={search_term_string}"},"query-input":{"@type":"PropertyValueSpecification","valueRequired":true,"valueName":"search_term_string"}}],"inLanguage":"fr-FR"},{"@type":"Organization","@id":"https:\/\/larima.ca\/fr\/#organization","name":"Laboratoire Larima","url":"https:\/\/larima.ca\/fr\/","logo":{"@type":"ImageObject","inLanguage":"fr-FR","@id":"https:\/\/larima.ca\/fr\/#\/schema\/logo\/image\/","url":"http:\/\/larima.ca\/wp-content\/uploads\/2023\/01\/larimalogo.jpg","contentUrl":"http:\/\/larima.ca\/wp-content\/uploads\/2023\/01\/larimalogo.jpg","width":512,"height":512,"caption":"Laboratoire Larima"},"image":{"@id":"https:\/\/larima.ca\/fr\/#\/schema\/logo\/image\/"}}]}},"_links":{"self":[{"href":"https:\/\/larima.ca\/fr\/wp-json\/wp\/v2\/pages\/2701","targetHints":{"allow":["GET"]}}],"collection":[{"href":"https:\/\/larima.ca\/fr\/wp-json\/wp\/v2\/pages"}],"about":[{"href":"https:\/\/larima.ca\/fr\/wp-json\/wp\/v2\/types\/page"}],"author":[{"embeddable":true,"href":"https:\/\/larima.ca\/fr\/wp-json\/wp\/v2\/users\/1"}],"replies":[{"embeddable":true,"href":"https:\/\/larima.ca\/fr\/wp-json\/wp\/v2\/comments?post=2701"}],"version-history":[{"count":0,"href":"https:\/\/larima.ca\/fr\/wp-json\/wp\/v2\/pages\/2701\/revisions"}],"wp:attachment":[{"href":"https:\/\/larima.ca\/fr\/wp-json\/wp\/v2\/media?parent=2701"}],"curies":[{"name":"wp","href":"https:\/\/api.w.org\/{rel}","templated":true}]}}