{"id":18518,"date":"2020-10-15T12:36:19","date_gmt":"2020-10-15T16:36:19","guid":{"rendered":"http:\/\/larima.ca\/?page_id=18518"},"modified":"2024-10-18T09:39:42","modified_gmt":"2024-10-18T13:39:42","slug":"coup-declat-baume-levres-lift-and-pulp","status":"publish","type":"page","link":"https:\/\/larima.ca\/fr\/coup-declat-baume-levres-lift-and-pulp\/","title":{"rendered":"COUP D&rsquo;ECLAT Baume L\u00e8vres Lift and Pulp"},"content":{"rendered":"<p>[et_pb_section fb_built=\u00a0\u00bb1&Prime; admin_label=\u00a0\u00bbsection\u00a0\u00bb _builder_version=\u00a0\u00bb4.16&Prime; transparent_background=\u00a0\u00bboff\u00a0\u00bb global_colors_info=\u00a0\u00bb{}\u00a0\u00bb][et_pb_row column_structure=\u00a0\u00bb1_2,1_2&Prime; admin_label=\u00a0\u00bbrow\u00a0\u00bb _builder_version=\u00a0\u00bb4.16&Prime; background_size=\u00a0\u00bbinitial\u00a0\u00bb background_position=\u00a0\u00bbtop_left\u00a0\u00bb background_repeat=\u00a0\u00bbrepeat\u00a0\u00bb global_colors_info=\u00a0\u00bb{}\u00a0\u00bb][et_pb_column type=\u00a0\u00bb1_2&Prime; _builder_version=\u00a0\u00bb4.16&Prime; custom_padding=\u00a0\u00bb|||\u00a0\u00bb global_colors_info=\u00a0\u00bb{}\u00a0\u00bb custom_padding__hover=\u00a0\u00bb|||\u00a0\u00bb][et_pb_image src=\u00a0\u00bbhttp:\/\/larima.ca\/wp-content\/uploads\/2024\/10\/4-4.png\u00a0\u00bb alt=\u00a0\u00bbCoup-d&rsquo;Eclat-Baume-L\u00e8vres-960-px\u00a0\u00bb title_text=\u00a0\u00bb4&Prime; show_in_lightbox=\u00a0\u00bbon\u00a0\u00bb align_tablet=\u00a0\u00bbcenter\u00a0\u00bb align_phone=\u00a0\u00bb\u00a0\u00bb align_last_edited=\u00a0\u00bbon|desktop\u00a0\u00bb admin_label=\u00a0\u00bbCOUP D&rsquo;ECLAT Baume L\u00e8vres Lift and Pulp\u00a0\u00bb _builder_version=\u00a0\u00bb4.21.0&Prime; animation_style=\u00a0\u00bbfade\u00a0\u00bb animation_duration=\u00a0\u00bb500ms\u00a0\u00bb hover_enabled=\u00a0\u00bb0&Prime; use_border_color=\u00a0\u00bboff\u00a0\u00bb always_center_on_mobile=\u00a0\u00bbon\u00a0\u00bb global_colors_info=\u00a0\u00bb{}\u00a0\u00bb sticky_enabled=\u00a0\u00bb0&Prime;][\/et_pb_image][\/et_pb_column][et_pb_column type=\u00a0\u00bb1_2&Prime; _builder_version=\u00a0\u00bb4.16&Prime; custom_padding=\u00a0\u00bb|||\u00a0\u00bb global_colors_info=\u00a0\u00bb{}\u00a0\u00bb custom_padding__hover=\u00a0\u00bb|||\u00a0\u00bb][et_pb_text _builder_version=\u00a0\u00bb4.16&Prime; background_size=\u00a0\u00bbinitial\u00a0\u00bb background_position=\u00a0\u00bbtop_left\u00a0\u00bb background_repeat=\u00a0\u00bbrepeat\u00a0\u00bb use_border_color=\u00a0\u00bboff\u00a0\u00bb border_color=\u00a0\u00bb#ffffff\u00a0\u00bb border_style=\u00a0\u00bbsolid\u00a0\u00bb global_colors_info=\u00a0\u00bb{}\u00a0\u00bb]<\/p>\n<h2>COUP D&rsquo;ECLAT Baume L\u00e8vres Lift &amp; Pulp<\/h2>\n<p>[\/et_pb_text][et_pb_blurb title=\u00a0\u00bbDescription\u00a0\u00bb use_icon=\u00a0\u00bbon\u00a0\u00bb font_icon=\u00a0\u00bb&#xe60f;||divi||400&Prime; icon_color=\u00a0\u00bb#05b0bc\u00a0\u00bb icon_placement=\u00a0\u00bbleft\u00a0\u00bb admin_label=\u00a0\u00bbDescription\u00a0\u00bb _builder_version=\u00a0\u00bb4.16&Prime; background_size=\u00a0\u00bbinitial\u00a0\u00bb background_position=\u00a0\u00bbtop_left\u00a0\u00bb background_repeat=\u00a0\u00bbrepeat\u00a0\u00bb max_width_tablet=\u00a0\u00bb50px\u00a0\u00bb custom_padding=\u00a0\u00bb||6px|||\u00a0\u00bb use_border_color=\u00a0\u00bboff\u00a0\u00bb global_colors_info=\u00a0\u00bb{}\u00a0\u00bb]<\/p>\n<p>Le Baume L\u00e8vres Lift &amp; Pulp de COUP D\u2019ECLAT\u00ae\u00a0<span>est un soin <strong>anti-rides lissant et raffermissant<\/strong> pour les l\u00e8vres et leur contour. D\u00e8s 7 jours, les l\u00e8vres sont plus fermes et paraissent mieux dessin\u00e9es. Apr\u00e8s 28 jours <strong>le dessus des l\u00e8vres est<\/strong> <strong>significativement plus lisse et semble moins rid\u00e9<\/strong>.<\/span><\/p>\n<p><span> Ultra concentr\u00e9 en<strong> ingr\u00e9dients hydratants et anti-\u00e2ge<\/strong>, ce soin \u00e0 la texture fondante est aussi la base id\u00e9ale pour appliquer le rouge \u00e0 l\u00e8vres : il p\u00e9n\u00e8tre rapidement, ne laisse pas de film gras, pour des l\u00e8vres \u00e0 croquer, plus douces, qui paraissent plus pleines!<\/span><\/p>\n<p>Parfait pour une mise en beaut\u00e9 imm\u00e9diate, les l\u00e8vres et leur contour sont liss\u00e9s d\u00e8s la premi\u00e8re application.<\/p>\n<p>[\/et_pb_blurb][et_pb_blurb title=\u00a0\u00bbIndications\u00a0\u00bb use_icon=\u00a0\u00bbon\u00a0\u00bb font_icon=\u00a0\u00bb&#x52;||divi||400&Prime; icon_color=\u00a0\u00bb#05b0bc\u00a0\u00bb icon_placement=\u00a0\u00bbleft\u00a0\u00bb admin_label=\u00a0\u00bbIndications\u00a0\u00bb _builder_version=\u00a0\u00bb4.16&Prime; background_size=\u00a0\u00bbinitial\u00a0\u00bb background_position=\u00a0\u00bbtop_left\u00a0\u00bb background_repeat=\u00a0\u00bbrepeat\u00a0\u00bb use_border_color=\u00a0\u00bboff\u00a0\u00bb border_color=\u00a0\u00bb#ffffff\u00a0\u00bb border_style=\u00a0\u00bbsolid\u00a0\u00bb global_colors_info=\u00a0\u00bb{}\u00a0\u00bb]<\/p>\n<p>L\u00e8vres d\u00e9shydrat\u00e9es, contour des l\u00e8vres rid\u00e9s.<\/p>\n<p>[\/et_pb_blurb][et_pb_blurb title=\u00a0\u00bbConseils d&rsquo;utilisation\u00a0\u00bb use_icon=\u00a0\u00bbon\u00a0\u00bb font_icon=\u00a0\u00bb&#x6b;||divi||400&Prime; icon_color=\u00a0\u00bb#05b0bc\u00a0\u00bb icon_placement=\u00a0\u00bbleft\u00a0\u00bb admin_label=\u00a0\u00bbConseils d&rsquo;utilisation\u00a0\u00bb _builder_version=\u00a0\u00bb4.16&Prime; background_size=\u00a0\u00bbinitial\u00a0\u00bb background_position=\u00a0\u00bbtop_left\u00a0\u00bb background_repeat=\u00a0\u00bbrepeat\u00a0\u00bb max_width_tablet=\u00a0\u00bb50px\u00a0\u00bb global_colors_info=\u00a0\u00bb{}\u00a0\u00bb]<\/p>\n<p>Appliquer le soir au coucher une couche g\u00e9n\u00e9reuse du soin anti-rides l\u00e8vres sur le contour de la bouche et sur les l\u00e8vres et laisser agir toute la nuit. R\u00e9p\u00e9ter pendant 28 jours.<\/p>\n<p>Le matin, appliquer une petite quantit\u00e9 sur les l\u00e8vres et leur contour. Faire p\u00e9n\u00e9trer le soin en massant l\u00e9g\u00e8rement pour faciliter la p\u00e9n\u00e9tration et d\u00e9crisper l&rsquo;apparence des rides.\u00a0 \u00a0Essuyez le surplus s&rsquo;il y a lieu.\u00a0 Appliquer par la suite votre roug \u00e0 l\u00e8vres.<br \/><b>\u00a0<\/b><\/p>\n<p><b><\/b><\/p>\n<p>[\/et_pb_blurb][et_pb_blurb title=\u00a0\u00bbPrincipaux ingr\u00e9dients \u00a0\u00bb use_icon=\u00a0\u00bbon\u00a0\u00bb font_icon=\u00a0\u00bb&#xe00a;||divi||400&Prime; icon_color=\u00a0\u00bb#05b0bc\u00a0\u00bb icon_placement=\u00a0\u00bbleft\u00a0\u00bb admin_label=\u00a0\u00bbIngredients actifs\u00a0\u00bb _builder_version=\u00a0\u00bb4.16&Prime; background_size=\u00a0\u00bbinitial\u00a0\u00bb background_position=\u00a0\u00bbtop_left\u00a0\u00bb background_repeat=\u00a0\u00bbrepeat\u00a0\u00bb global_colors_info=\u00a0\u00bb{}\u00a0\u00bb]<\/p>\n<p>Beurre de Karit\u00e9<br \/>Huile de p\u00e9pins de raisins<br \/>Huile de son de riz<br \/>Cire d\u2019abeille<br \/>Volulip\u00ae (actif repulpant)<br \/>Collag\u00e8ne marin<br \/>Acide hyaluronique<\/p>\n<p>[\/et_pb_blurb][et_pb_blurb title=\u00a0\u00bbFormat\u00a0\u00bb use_icon=\u00a0\u00bbon\u00a0\u00bb font_icon=\u00a0\u00bb&#xe02d;||divi||400&Prime; icon_color=\u00a0\u00bb#05b0bc\u00a0\u00bb icon_placement=\u00a0\u00bbleft\u00a0\u00bb admin_label=\u00a0\u00bbFormat\u00a0\u00bb _builder_version=\u00a0\u00bb4.16&Prime; background_size=\u00a0\u00bbinitial\u00a0\u00bb background_position=\u00a0\u00bbtop_left\u00a0\u00bb background_repeat=\u00a0\u00bbrepeat\u00a0\u00bb global_colors_info=\u00a0\u00bb{}\u00a0\u00bb]15 ml<br \/>\n[\/et_pb_blurb][\/et_pb_column][\/et_pb_row][\/et_pb_section][et_pb_section fb_built=\u00a0\u00bb1&Prime; _builder_version=\u00a0\u00bb4.16&Prime; background_color=\u00a0\u00bb#f9f9f9&Prime; min_height=\u00a0\u00bb231.3px\u00a0\u00bb custom_margin=\u00a0\u00bb||3px|||\u00a0\u00bb custom_padding=\u00a0\u00bb57px|0px|49px|0px||\u00a0\u00bb locked=\u00a0\u00bboff\u00a0\u00bb global_colors_info=\u00a0\u00bb{}\u00a0\u00bb][et_pb_row column_padding_mobile=\u00a0\u00bbon\u00a0\u00bb _builder_version=\u00a0\u00bb4.16&Prime; background_color=\u00a0\u00bb#FFFFFF\u00a0\u00bb background_size=\u00a0\u00bbinitial\u00a0\u00bb background_position=\u00a0\u00bbtop_left\u00a0\u00bb background_repeat=\u00a0\u00bbrepeat\u00a0\u00bb custom_padding=\u00a0\u00bb0px|0px|13px|0px\u00a0\u00bb global_colors_info=\u00a0\u00bb{}\u00a0\u00bb][et_pb_column type=\u00a0\u00bb4_4&Prime; _builder_version=\u00a0\u00bb4.16&Prime; custom_padding=\u00a0\u00bb|||\u00a0\u00bb global_colors_info=\u00a0\u00bb{}\u00a0\u00bb custom_padding__hover=\u00a0\u00bb|||\u00a0\u00bb][et_pb_text admin_label=\u00a0\u00bbDisponible chez les d\u00e9taillants participants suivants :\u00a0\u00bb _builder_version=\u00a0\u00bb4.16&Prime; background_color=\u00a0\u00bb#FFFFFF\u00a0\u00bb background_size=\u00a0\u00bbinitial\u00a0\u00bb background_position=\u00a0\u00bbtop_left\u00a0\u00bb background_repeat=\u00a0\u00bbrepeat\u00a0\u00bb text_orientation=\u00a0\u00bbcenter\u00a0\u00bb module_alignment=\u00a0\u00bbcenter\u00a0\u00bb custom_padding=\u00a0\u00bb17px|17px|17px|17px|false|false\u00a0\u00bb inline_fonts=\u00a0\u00bbArimo\u00a0\u00bb global_colors_info=\u00a0\u00bb{}\u00a0\u00bb]<\/p>\n<h1 style=\"text-align: center;\"><span style=\"font-family: Arimo;\">Nos produits sont disponibles chez :<\/span><\/h1>\n<p>[\/et_pb_text][\/et_pb_column][\/et_pb_row][et_pb_row column_structure=\u00a0\u00bb1_3,1_3,1_3&Prime; column_padding_mobile=\u00a0\u00bbon\u00a0\u00bb _builder_version=\u00a0\u00bb4.16&Prime; background_color=\u00a0\u00bb#FFFFFF\u00a0\u00bb background_size=\u00a0\u00bbinitial\u00a0\u00bb background_position=\u00a0\u00bbtop_left\u00a0\u00bb background_repeat=\u00a0\u00bbrepeat\u00a0\u00bb custom_padding=\u00a0\u00bb0px|0px|17px|0px||\u00a0\u00bb global_colors_info=\u00a0\u00bb{}\u00a0\u00bb][et_pb_column type=\u00a0\u00bb1_3&Prime; _builder_version=\u00a0\u00bb4.16&Prime; custom_padding=\u00a0\u00bb|||\u00a0\u00bb global_colors_info=\u00a0\u00bb{}\u00a0\u00bb custom_padding__hover=\u00a0\u00bb|||\u00a0\u00bb][et_pb_image src=\u00a0\u00bbhttps:\/\/larima.ca\/wp-content\/uploads\/2015\/04\/JeanCoutu_Logo-1.jpg\u00a0\u00bb align=\u00a0\u00bbcenter\u00a0\u00bb align_tablet=\u00a0\u00bbcenter\u00a0\u00bb align_phone=\u00a0\u00bb\u00a0\u00bb align_last_edited=\u00a0\u00bbon|desktop\u00a0\u00bb _builder_version=\u00a0\u00bb4.16&Prime; animation_style=\u00a0\u00bbslide\u00a0\u00bb animation_direction=\u00a0\u00bbleft\u00a0\u00bb animation_duration=\u00a0\u00bb500ms\u00a0\u00bb animation_intensity_slide=\u00a0\u00bb10%\u00a0\u00bb global_colors_info=\u00a0\u00bb{}\u00a0\u00bb][\/et_pb_image][\/et_pb_column][et_pb_column type=\u00a0\u00bb1_3&Prime; _builder_version=\u00a0\u00bb4.16&Prime; custom_padding=\u00a0\u00bb|||\u00a0\u00bb global_colors_info=\u00a0\u00bb{}\u00a0\u00bb custom_padding__hover=\u00a0\u00bb|||\u00a0\u00bb][et_pb_image src=\u00a0\u00bbhttps:\/\/larima.ca\/wp-content\/uploads\/2015\/04\/Brunet_Logo-1.jpg\u00a0\u00bb align=\u00a0\u00bbcenter\u00a0\u00bb align_tablet=\u00a0\u00bbcenter\u00a0\u00bb align_phone=\u00a0\u00bb\u00a0\u00bb align_last_edited=\u00a0\u00bbon|desktop\u00a0\u00bb _builder_version=\u00a0\u00bb4.16&Prime; animation_style=\u00a0\u00bbslide\u00a0\u00bb animation_direction=\u00a0\u00bbleft\u00a0\u00bb animation_duration=\u00a0\u00bb500ms\u00a0\u00bb animation_intensity_slide=\u00a0\u00bb10%\u00a0\u00bb global_colors_info=\u00a0\u00bb{}\u00a0\u00bb][\/et_pb_image][\/et_pb_column][et_pb_column type=\u00a0\u00bb1_3&Prime; _builder_version=\u00a0\u00bb4.16&Prime; custom_padding=\u00a0\u00bb|||\u00a0\u00bb global_colors_info=\u00a0\u00bb{}\u00a0\u00bb custom_padding__hover=\u00a0\u00bb|||\u00a0\u00bb][et_pb_image src=\u00a0\u00bbhttps:\/\/larima.ca\/wp-content\/uploads\/2015\/04\/Uniprix_Logo-1.jpg\u00a0\u00bb align=\u00a0\u00bbcenter\u00a0\u00bb align_tablet=\u00a0\u00bbcenter\u00a0\u00bb align_phone=\u00a0\u00bb\u00a0\u00bb align_last_edited=\u00a0\u00bbon|desktop\u00a0\u00bb _builder_version=\u00a0\u00bb4.16&Prime; animation_style=\u00a0\u00bbslide\u00a0\u00bb animation_direction=\u00a0\u00bbleft\u00a0\u00bb animation_duration=\u00a0\u00bb500ms\u00a0\u00bb animation_intensity_slide=\u00a0\u00bb10%\u00a0\u00bb global_colors_info=\u00a0\u00bb{}\u00a0\u00bb][\/et_pb_image][\/et_pb_column][\/et_pb_row][et_pb_row column_structure=\u00a0\u00bb1_3,1_3,1_3&Prime; column_padding_mobile=\u00a0\u00bbon\u00a0\u00bb _builder_version=\u00a0\u00bb4.16&Prime; background_color=\u00a0\u00bb#FFFFFF\u00a0\u00bb background_size=\u00a0\u00bbinitial\u00a0\u00bb background_position=\u00a0\u00bbtop_left\u00a0\u00bb background_repeat=\u00a0\u00bbrepeat\u00a0\u00bb custom_padding=\u00a0\u00bb0px|0px|17px|0px||\u00a0\u00bb global_colors_info=\u00a0\u00bb{}\u00a0\u00bb][et_pb_column type=\u00a0\u00bb1_3&Prime; _builder_version=\u00a0\u00bb4.16&Prime; custom_padding=\u00a0\u00bb|||\u00a0\u00bb global_colors_info=\u00a0\u00bb{}\u00a0\u00bb custom_padding__hover=\u00a0\u00bb|||\u00a0\u00bb][et_pb_image src=\u00a0\u00bbhttps:\/\/larima.ca\/wp-content\/uploads\/2015\/04\/Familiprix_Logo-1.jpg\u00a0\u00bb align=\u00a0\u00bbcenter\u00a0\u00bb align_tablet=\u00a0\u00bbcenter\u00a0\u00bb align_phone=\u00a0\u00bb\u00a0\u00bb align_last_edited=\u00a0\u00bbon|desktop\u00a0\u00bb _builder_version=\u00a0\u00bb4.16&Prime; animation_style=\u00a0\u00bbslide\u00a0\u00bb animation_direction=\u00a0\u00bbleft\u00a0\u00bb animation_duration=\u00a0\u00bb500ms\u00a0\u00bb animation_intensity_slide=\u00a0\u00bb10%\u00a0\u00bb locked=\u00a0\u00bboff\u00a0\u00bb global_colors_info=\u00a0\u00bb{}\u00a0\u00bb][\/et_pb_image][\/et_pb_column][et_pb_column type=\u00a0\u00bb1_3&Prime; _builder_version=\u00a0\u00bb4.16&Prime; custom_padding=\u00a0\u00bb|||\u00a0\u00bb global_colors_info=\u00a0\u00bb{}\u00a0\u00bb custom_padding__hover=\u00a0\u00bb|||\u00a0\u00bb][et_pb_image src=\u00a0\u00bbhttp:\/\/larima.ca\/wp-content\/uploads\/2024\/02\/Proxim-logo-Larima.jpg\u00a0\u00bb alt=\u00a0\u00bbLogo Proxim\u00a0\u00bb title_text=\u00a0\u00bbProxim logo Larima\u00a0\u00bb align=\u00a0\u00bbcenter\u00a0\u00bb align_tablet=\u00a0\u00bbcenter\u00a0\u00bb align_phone=\u00a0\u00bb\u00a0\u00bb align_last_edited=\u00a0\u00bbon|desktop\u00a0\u00bb _builder_version=\u00a0\u00bb4.21.0&Prime; animation_style=\u00a0\u00bbslide\u00a0\u00bb animation_direction=\u00a0\u00bbleft\u00a0\u00bb animation_duration=\u00a0\u00bb500ms\u00a0\u00bb animation_intensity_slide=\u00a0\u00bb10%\u00a0\u00bb locked=\u00a0\u00bboff\u00a0\u00bb global_colors_info=\u00a0\u00bb{}\u00a0\u00bb][\/et_pb_image][\/et_pb_column][et_pb_column type=\u00a0\u00bb1_3&Prime; _builder_version=\u00a0\u00bb4.16&Prime; custom_padding=\u00a0\u00bb|||\u00a0\u00bb global_colors_info=\u00a0\u00bb{}\u00a0\u00bb custom_padding__hover=\u00a0\u00bb|||\u00a0\u00bb][\/et_pb_column][\/et_pb_row][\/et_pb_section]<\/p>\n<span class=\"et_bloom_bottom_trigger\"><\/span>","protected":false},"excerpt":{"rendered":"<p>COUP D&rsquo;ECLAT Baume L\u00e8vres Lift &amp; PulpLe Baume L\u00e8vres Lift &amp; Pulp de COUP D\u2019ECLAT\u00ae\u00a0est un soin anti-rides lissant et raffermissant pour les l\u00e8vres et leur contour. D\u00e8s 7 jours, les l\u00e8vres sont plus fermes et paraissent mieux dessin\u00e9es. Apr\u00e8s 28 jours le dessus des l\u00e8vres est significativement plus lisse et semble moins rid\u00e9. Ultra [&hellip;]<\/p>\n","protected":false},"author":1,"featured_media":0,"parent":0,"menu_order":0,"comment_status":"closed","ping_status":"closed","template":"","meta":{"_et_pb_use_builder":"on","_et_pb_old_content":"","_et_gb_content_width":"","footnotes":""},"class_list":["post-18518","page","type-page","status-publish","hentry"],"yoast_head":"<!-- This site is optimized with the Yoast SEO plugin v28.3 - https:\/\/yoast.com\/product\/yoast-seo-wordpress\/ -->\n<title>COUP D&#039;ECLAT Baume L\u00e8vres Lift and Pulp - Laboratoire Larima<\/title>\n<meta name=\"robots\" content=\"index, follow, max-snippet:-1, max-image-preview:large, max-video-preview:-1\" \/>\n<link rel=\"canonical\" href=\"https:\/\/larima.ca\/fr\/coup-declat-baume-levres-lift-and-pulp\/\" \/>\n<meta property=\"og:locale\" content=\"fr_FR\" \/>\n<meta property=\"og:type\" content=\"article\" \/>\n<meta property=\"og:title\" content=\"COUP D&#039;ECLAT Baume L\u00e8vres Lift and Pulp - Laboratoire Larima\" \/>\n<meta property=\"og:description\" content=\"COUP D&#039;ECLAT Baume L\u00e8vres Lift &amp; PulpLe Baume L\u00e8vres Lift &amp; Pulp de COUP D\u2019ECLAT\u00ae\u00a0est un soin anti-rides lissant et raffermissant pour les l\u00e8vres et leur contour. D\u00e8s 7 jours, les l\u00e8vres sont plus fermes et paraissent mieux dessin\u00e9es. Apr\u00e8s 28 jours le dessus des l\u00e8vres est significativement plus lisse et semble moins rid\u00e9. Ultra [&hellip;]\" \/>\n<meta property=\"og:url\" content=\"https:\/\/larima.ca\/fr\/coup-declat-baume-levres-lift-and-pulp\/\" \/>\n<meta property=\"og:site_name\" content=\"Laboratoire Larima\" \/>\n<meta property=\"article:modified_time\" content=\"2024-10-18T13:39:42+00:00\" \/>\n<meta name=\"twitter:card\" content=\"summary_large_image\" \/>\n<meta name=\"twitter:label1\" content=\"Dur\u00e9e de lecture estim\u00e9e\" \/>\n\t<meta name=\"twitter:data1\" content=\"3 minutes\" \/>\n<script type=\"application\/ld+json\" class=\"yoast-schema-graph\">{\"@context\":\"https:\\\/\\\/schema.org\",\"@graph\":[{\"@type\":\"WebPage\",\"@id\":\"https:\\\/\\\/larima.ca\\\/fr\\\/coup-declat-baume-levres-lift-and-pulp\\\/\",\"url\":\"https:\\\/\\\/larima.ca\\\/fr\\\/coup-declat-baume-levres-lift-and-pulp\\\/\",\"name\":\"COUP D'ECLAT Baume L\u00e8vres Lift and Pulp - Laboratoire Larima\",\"isPartOf\":{\"@id\":\"https:\\\/\\\/larima.ca\\\/fr\\\/#website\"},\"datePublished\":\"2020-10-15T16:36:19+00:00\",\"dateModified\":\"2024-10-18T13:39:42+00:00\",\"breadcrumb\":{\"@id\":\"https:\\\/\\\/larima.ca\\\/fr\\\/coup-declat-baume-levres-lift-and-pulp\\\/#breadcrumb\"},\"inLanguage\":\"fr-FR\",\"potentialAction\":[{\"@type\":\"ReadAction\",\"target\":[\"https:\\\/\\\/larima.ca\\\/fr\\\/coup-declat-baume-levres-lift-and-pulp\\\/\"]}]},{\"@type\":\"BreadcrumbList\",\"@id\":\"https:\\\/\\\/larima.ca\\\/fr\\\/coup-declat-baume-levres-lift-and-pulp\\\/#breadcrumb\",\"itemListElement\":[{\"@type\":\"ListItem\",\"position\":1,\"name\":\"Accueil\",\"item\":\"https:\\\/\\\/larima.ca\\\/fr\\\/\"},{\"@type\":\"ListItem\",\"position\":2,\"name\":\"COUP D&rsquo;ECLAT Baume L\u00e8vres Lift and Pulp\"}]},{\"@type\":\"WebSite\",\"@id\":\"https:\\\/\\\/larima.ca\\\/fr\\\/#website\",\"url\":\"https:\\\/\\\/larima.ca\\\/fr\\\/\",\"name\":\"Laboratoire Larima\",\"description\":\"Au service de votre bien-\u00eatre depuis 1979\",\"publisher\":{\"@id\":\"https:\\\/\\\/larima.ca\\\/fr\\\/#organization\"},\"potentialAction\":[{\"@type\":\"SearchAction\",\"target\":{\"@type\":\"EntryPoint\",\"urlTemplate\":\"https:\\\/\\\/larima.ca\\\/fr\\\/?s={search_term_string}\"},\"query-input\":{\"@type\":\"PropertyValueSpecification\",\"valueRequired\":true,\"valueName\":\"search_term_string\"}}],\"inLanguage\":\"fr-FR\"},{\"@type\":\"Organization\",\"@id\":\"https:\\\/\\\/larima.ca\\\/fr\\\/#organization\",\"name\":\"Laboratoire Larima\",\"url\":\"https:\\\/\\\/larima.ca\\\/fr\\\/\",\"logo\":{\"@type\":\"ImageObject\",\"inLanguage\":\"fr-FR\",\"@id\":\"https:\\\/\\\/larima.ca\\\/fr\\\/#\\\/schema\\\/logo\\\/image\\\/\",\"url\":\"http:\\\/\\\/larima.ca\\\/wp-content\\\/uploads\\\/2023\\\/01\\\/larimalogo.jpg\",\"contentUrl\":\"http:\\\/\\\/larima.ca\\\/wp-content\\\/uploads\\\/2023\\\/01\\\/larimalogo.jpg\",\"width\":512,\"height\":512,\"caption\":\"Laboratoire Larima\"},\"image\":{\"@id\":\"https:\\\/\\\/larima.ca\\\/fr\\\/#\\\/schema\\\/logo\\\/image\\\/\"}}]}<\/script>\n<!-- \/ Yoast SEO plugin. -->","yoast_head_json":{"title":"COUP D'ECLAT Baume L\u00e8vres Lift and Pulp - Laboratoire Larima","robots":{"index":"index","follow":"follow","max-snippet":"max-snippet:-1","max-image-preview":"max-image-preview:large","max-video-preview":"max-video-preview:-1"},"canonical":"https:\/\/larima.ca\/fr\/coup-declat-baume-levres-lift-and-pulp\/","og_locale":"fr_FR","og_type":"article","og_title":"COUP D'ECLAT Baume L\u00e8vres Lift and Pulp - Laboratoire Larima","og_description":"COUP D'ECLAT Baume L\u00e8vres Lift &amp; PulpLe Baume L\u00e8vres Lift &amp; Pulp de COUP D\u2019ECLAT\u00ae\u00a0est un soin anti-rides lissant et raffermissant pour les l\u00e8vres et leur contour. D\u00e8s 7 jours, les l\u00e8vres sont plus fermes et paraissent mieux dessin\u00e9es. Apr\u00e8s 28 jours le dessus des l\u00e8vres est significativement plus lisse et semble moins rid\u00e9. Ultra [&hellip;]","og_url":"https:\/\/larima.ca\/fr\/coup-declat-baume-levres-lift-and-pulp\/","og_site_name":"Laboratoire Larima","article_modified_time":"2024-10-18T13:39:42+00:00","twitter_card":"summary_large_image","twitter_misc":{"Dur\u00e9e de lecture estim\u00e9e":"3 minutes"},"schema":{"@context":"https:\/\/schema.org","@graph":[{"@type":"WebPage","@id":"https:\/\/larima.ca\/fr\/coup-declat-baume-levres-lift-and-pulp\/","url":"https:\/\/larima.ca\/fr\/coup-declat-baume-levres-lift-and-pulp\/","name":"COUP D'ECLAT Baume L\u00e8vres Lift and Pulp - Laboratoire Larima","isPartOf":{"@id":"https:\/\/larima.ca\/fr\/#website"},"datePublished":"2020-10-15T16:36:19+00:00","dateModified":"2024-10-18T13:39:42+00:00","breadcrumb":{"@id":"https:\/\/larima.ca\/fr\/coup-declat-baume-levres-lift-and-pulp\/#breadcrumb"},"inLanguage":"fr-FR","potentialAction":[{"@type":"ReadAction","target":["https:\/\/larima.ca\/fr\/coup-declat-baume-levres-lift-and-pulp\/"]}]},{"@type":"BreadcrumbList","@id":"https:\/\/larima.ca\/fr\/coup-declat-baume-levres-lift-and-pulp\/#breadcrumb","itemListElement":[{"@type":"ListItem","position":1,"name":"Accueil","item":"https:\/\/larima.ca\/fr\/"},{"@type":"ListItem","position":2,"name":"COUP D&rsquo;ECLAT Baume L\u00e8vres Lift and Pulp"}]},{"@type":"WebSite","@id":"https:\/\/larima.ca\/fr\/#website","url":"https:\/\/larima.ca\/fr\/","name":"Laboratoire Larima","description":"Au service de votre bien-\u00eatre depuis 1979","publisher":{"@id":"https:\/\/larima.ca\/fr\/#organization"},"potentialAction":[{"@type":"SearchAction","target":{"@type":"EntryPoint","urlTemplate":"https:\/\/larima.ca\/fr\/?s={search_term_string}"},"query-input":{"@type":"PropertyValueSpecification","valueRequired":true,"valueName":"search_term_string"}}],"inLanguage":"fr-FR"},{"@type":"Organization","@id":"https:\/\/larima.ca\/fr\/#organization","name":"Laboratoire Larima","url":"https:\/\/larima.ca\/fr\/","logo":{"@type":"ImageObject","inLanguage":"fr-FR","@id":"https:\/\/larima.ca\/fr\/#\/schema\/logo\/image\/","url":"http:\/\/larima.ca\/wp-content\/uploads\/2023\/01\/larimalogo.jpg","contentUrl":"http:\/\/larima.ca\/wp-content\/uploads\/2023\/01\/larimalogo.jpg","width":512,"height":512,"caption":"Laboratoire Larima"},"image":{"@id":"https:\/\/larima.ca\/fr\/#\/schema\/logo\/image\/"}}]}},"_links":{"self":[{"href":"https:\/\/larima.ca\/fr\/wp-json\/wp\/v2\/pages\/18518","targetHints":{"allow":["GET"]}}],"collection":[{"href":"https:\/\/larima.ca\/fr\/wp-json\/wp\/v2\/pages"}],"about":[{"href":"https:\/\/larima.ca\/fr\/wp-json\/wp\/v2\/types\/page"}],"author":[{"embeddable":true,"href":"https:\/\/larima.ca\/fr\/wp-json\/wp\/v2\/users\/1"}],"replies":[{"embeddable":true,"href":"https:\/\/larima.ca\/fr\/wp-json\/wp\/v2\/comments?post=18518"}],"version-history":[{"count":0,"href":"https:\/\/larima.ca\/fr\/wp-json\/wp\/v2\/pages\/18518\/revisions"}],"wp:attachment":[{"href":"https:\/\/larima.ca\/fr\/wp-json\/wp\/v2\/media?parent=18518"}],"curies":[{"name":"wp","href":"https:\/\/api.w.org\/{rel}","templated":true}]}}